{"id":2159,"date":"2024-03-15T17:01:26","date_gmt":"2024-03-15T16:01:26","guid":{"rendered":"https:\/\/www.iconsmallorca.com\/teilnehmer\/teilnahme\/anmeldung-la-vitesse\/"},"modified":"2025-03-13T12:28:41","modified_gmt":"2025-03-13T11:28:41","slug":"anmeldung-la-vitesse","status":"publish","type":"page","link":"https:\/\/www.iconsmallorca.com\/de\/teilnehmer\/teilnahme\/anmeldung-la-vitesse\/","title":{"rendered":"Anmeldung La Vitesse"},"content":{"rendered":"<div class=\"wpb-content-wrapper\"><p>[vc_row row_height_percent=&#8220;0&#8243; overlay_alpha=&#8220;50&#8243; gutter_size=&#8220;3&#8243; column_width_percent=&#8220;100&#8243; shift_y=&#8220;0&#8243; z_index=&#8220;0&#8243; uncode_shortcode_id=&#8220;118480&#8243;][vc_column column_width_percent=&#8220;100&#8243; position_horizontal=&#8220;left&#8220; gutter_size=&#8220;3&#8243; overlay_alpha=&#8220;50&#8243; shift_x=&#8220;0&#8243; shift_y=&#8220;0&#8243; shift_y_down=&#8220;0&#8243; z_index=&#8220;0&#8243; medium_width=&#8220;0&#8243; mobile_width=&#8220;0&#8243; width=&#8220;1\/1&#8243; uncode_shortcode_id=&#8220;142457&#8243;][vc_empty_space empty_h=&#8220;2&#8243;][vc_custom_heading uncode_shortcode_id=&#8220;204142&#8243;]Teilnahme[\/vc_custom_heading][vc_row_inner row_inner_height_percent=&#8220;0&#8243; overlay_alpha=&#8220;50&#8243; gutter_size=&#8220;6&#8243; shift_y=&#8220;0&#8243; z_index=&#8220;0&#8243; uncode_shortcode_id=&#8220;297931&#8243;][vc_column_inner width=&#8220;1\/2&#8243;][vc_column_text text_lead=&#8220;small&#8220; uncode_shortcode_id=&#8220;615603&#8243; css=&#8220;.vc_custom_1710518471854{margin-top: 50px !important;}&#8220;]<\/p>\n<h6>Ladies Rallye<\/h6>\n<p>[\/vc_column_text][vc_column_text text_lead=&#8220;small&#8220; uncode_shortcode_id=&#8220;148624&#8243; css=&#8220;.vc_custom_1710518478454{margin-top: 0px !important;}&#8220;]<\/p>\n<h3>La Vitesse<\/h3>\n<p>[\/vc_column_text][vc_column_text uncode_shortcode_id=&#8220;136204&#8243;]Um sich und Ihr Fahrzeug f\u00fcr die ICONS Mallorca 2025 anzumelden, bitten wir Sie, das Formular auszuf\u00fcllen, entsprechendes anzukreuzen und zu best\u00e4tigen. ICONS wird Ihnen eine Best\u00e4tigung und eine Antwort nach dem Erhalt Ihrer Daten schicken.<\/p>\n<p>Ihre Daten sind bei uns sicher. Mit dem Absenden best\u00e4tigen und akzeptieren Sie unsere Nutzungsbedingungen und <a href=\"https:\/\/www.iconsmallorca.com\/de\/datenschutz\/\">Datenschutzbestimmungen<\/a>.[\/vc_column_text][\/vc_column_inner][vc_column_inner width=&#8220;1\/2&#8243;]\n<div class=\"wpcf7 no-js\" id=\"wpcf7-f6042-o1\" lang=\"de-DE\" dir=\"ltr\" data-wpcf7-id=\"6042\">\n<div class=\"screen-reader-response\"><p role=\"status\" aria-live=\"polite\" aria-atomic=\"true\"><\/p> <ul><\/ul><\/div>\n<form action=\"\/de\/wp-json\/wp\/v2\/pages\/2159#wpcf7-f6042-o1\" method=\"post\" class=\"wpcf7-form init\" aria-label=\"Kontaktformular\" enctype=\"multipart\/form-data\" novalidate=\"novalidate\" data-status=\"init\">\n<fieldset class=\"hidden-fields-container\"><input type=\"hidden\" name=\"_wpcf7\" value=\"6042\" \/><input type=\"hidden\" name=\"_wpcf7_version\" value=\"6.1.5\" \/><input type=\"hidden\" name=\"_wpcf7_locale\" value=\"de_DE\" \/><input type=\"hidden\" name=\"_wpcf7_unit_tag\" value=\"wpcf7-f6042-o1\" \/><input type=\"hidden\" name=\"_wpcf7_container_post\" value=\"0\" \/><input type=\"hidden\" name=\"_wpcf7_posted_data_hash\" value=\"\" \/><input type=\"hidden\" name=\"_wpcf7cf_hidden_group_fields\" value=\"[]\" \/><input type=\"hidden\" name=\"_wpcf7cf_hidden_groups\" value=\"[]\" \/><input type=\"hidden\" name=\"_wpcf7cf_visible_groups\" value=\"[]\" \/><input type=\"hidden\" name=\"_wpcf7cf_repeaters\" value=\"[]\" \/><input type=\"hidden\" name=\"_wpcf7cf_steps\" value=\"{}\" \/><input type=\"hidden\" name=\"_wpcf7cf_options\" value=\"{&quot;form_id&quot;:6042,&quot;conditions&quot;:[{&quot;then_field&quot;:&quot;add-booking-andratx-people&quot;,&quot;and_rules&quot;:[{&quot;if_field&quot;:&quot;add-booking-andratx&quot;,&quot;operator&quot;:&quot;equals&quot;,&quot;if_value&quot;:&quot;Public Day in Andratx&quot;}]},{&quot;then_field&quot;:&quot;add-codriver-information&quot;,&quot;and_rules&quot;:[{&quot;if_field&quot;:&quot;add-codriver&quot;,&quot;operator&quot;:&quot;equals&quot;,&quot;if_value&quot;:&quot;Beifahrer&quot;}]}],&quot;settings&quot;:{&quot;animation&quot;:&quot;yes&quot;,&quot;animation_intime&quot;:200,&quot;animation_outtime&quot;:200,&quot;conditions_ui&quot;:&quot;normal&quot;,&quot;notice_dismissed&quot;:false}}\" \/>\n<\/fieldset>\n<h3>Anmeldung\n<\/h3>\n<h4 style=\"padding: 0px !important;\">Schritt 1\n<\/h4>\n<p><span style=\"font-weight: bold !important;\">Teilnahmegeb\u00fchr: 1.250 Euro<\/span><br \/>\nTeilnahme mit 2 Personen und dem Teilnehmerfahrzeug inkl. der f\u00fcr die \u201eLa Vitesse\u201c-Teilnahme aufgef\u00fchrten Leistungen und Catering\n<\/p>\n<div class=\"wpcf7-inline-wrapper\">\n<\/div>\n<p><span style=\"font-weight: bold !important;\">Zus\u00e4tzliches Catering buchbar:<\/span><br \/>\n(bitte ausw\u00e4hlen und Anzahl der Personen angeben)\n<\/p>\n<p><span class=\"wpcf7-form-control-wrap\" data-name=\"add-booking-andratx\"><span class=\"wpcf7-form-control wpcf7-checkbox\"><span class=\"wpcf7-list-item first last\"><label><input type=\"checkbox\" name=\"add-booking-andratx[]\" value=\"Public Day in Andratx\" \/><span class=\"wpcf7-list-item-label\">Public Day in Andratx<\/span><\/label><\/span><\/span><\/span><br \/>\n1 oder 2 Personen Catering tags\u00fcber 20. September 2025<br \/>\n(140 &euro; PP \/ inkl. Catering)\n<\/p>\n<div data-id=\"add-booking-andratx-people\" data-orig_data_id=\"add-booking-andratx-people\" data-clear_on_hide class=\"\" data-class=\"wpcf7cf_group\">\n\t<div class=\"wpcf7-inline-wrapper wpcf7-dropdown\">\n\t\t<p class=\"wpcf7-inline-field\"><span class=\"wpcf7-form-control-wrap\" data-name=\"add-booking-andratx-people\"><select class=\"wpcf7-form-control wpcf7-select\" aria-invalid=\"false\" name=\"add-booking-andratx-people\"><option value=\"0\">0<\/option><option value=\"1 (140 \u20ac)\">1 (140 \u20ac)<\/option><option value=\"2 (280 \u20ac)\">2 (280 \u20ac)<\/option><\/select><\/span>\n\t\t<\/p>\n\t\t<p class=\"wpcf7-inline-field\">Person(en)\n\t\t<\/p>\n\t<\/div>\n<\/div>\n<h4 style=\"padding: 40px 0px 0px 0px !important;\">Schritt 2<br \/>\nPers\u00f6nliche Angaben\n<\/h4>\n<p>Fahrer\n<\/p>\n<div class=\"wpcf7-inline-wrapper\">\n\t<p class=\"wpcf7-inline-field\"><span class=\"wpcf7-form-control-wrap\" data-name=\"driver-firstname\"><input size=\"40\" maxlength=\"400\" class=\"wpcf7-form-control wpcf7-text wpcf7-validates-as-required\" aria-required=\"true\" aria-invalid=\"false\" placeholder=\"Vorname*\" value=\"\" type=\"text\" name=\"driver-firstname\" \/><\/span>\n\t<\/p>\n\t<p class=\"wpcf7-inline-field\"><span class=\"wpcf7-form-control-wrap\" data-name=\"driver-lastname\"><input size=\"40\" maxlength=\"400\" class=\"wpcf7-form-control wpcf7-text wpcf7-validates-as-required\" aria-required=\"true\" aria-invalid=\"false\" placeholder=\"Nachname*\" value=\"\" type=\"text\" name=\"driver-lastname\" \/><\/span>\n\t<\/p>\n<\/div>\n<div class=\"wpcf7-inline-wrapper\">\n\t<p class=\"wpcf7-inline-field\"><span class=\"wpcf7-form-control-wrap\" data-name=\"driver-date_of_birth\"><input class=\"wpcf7-form-control wpcf7-date wpcf7-validates-as-required wpcf7-validates-as-date\" aria-required=\"true\" aria-invalid=\"false\" value=\"\" type=\"date\" name=\"driver-date_of_birth\" \/><\/span>\n\t<\/p>\n\t<p class=\"wpcf7-inline-field\"><span class=\"wpcf7-form-control-wrap\" data-name=\"driver-id_number\"><input size=\"40\" maxlength=\"400\" class=\"wpcf7-form-control wpcf7-text wpcf7-validates-as-required\" aria-required=\"true\" aria-invalid=\"false\" placeholder=\"Ausweis-Nr.*\" value=\"\" type=\"text\" name=\"driver-id_number\" \/><\/span>\n\t<\/p>\n<\/div>\n<div class=\"wpcf7-inline-wrapper\" style=\"padding: 0px !important; margin: 0px !important;\">\n\t<p class=\"wpcf7-inline-field\"><span id=\"wpcf7-69f37b3230169-wrapper\" class=\"wpcf7-form-control-wrap firstname-wrap\" style=\"display:none !important; visibility:hidden !important;\"><input type=\"hidden\" name=\"firstname-time-start\" value=\"1777564466\"><input type=\"hidden\" name=\"firstname-time-check\" value=\"4\"><label for=\"wpcf7-69f37b3230169-field\" class=\"hp-message\">Bitte lasse dieses Feld leer.<\/label><input id=\"wpcf7-69f37b3230169-field\"  class=\"wpcf7-form-control wpcf7-text\" type=\"text\" name=\"firstname\" value=\"\" size=\"40\" tabindex=\"-1\" autocomplete=\"new-password\" \/><\/span>\n\t<\/p>\n\t<p class=\"wpcf7-inline-field\"><span id=\"wpcf7-69f37b32301b3-wrapper\" class=\"wpcf7-form-control-wrap lastname-wrap\" style=\"display:none !important; visibility:hidden !important;\"><input type=\"hidden\" name=\"lastname-time-start\" value=\"1777564466\"><input type=\"hidden\" name=\"lastname-time-check\" value=\"4\"><label for=\"wpcf7-69f37b32301b3-field\" class=\"hp-message\">Bitte lasse dieses Feld leer.<\/label><input id=\"wpcf7-69f37b32301b3-field\"  class=\"wpcf7-form-control wpcf7-text\" type=\"text\" name=\"lastname\" value=\"\" size=\"40\" tabindex=\"-1\" autocomplete=\"new-password\" \/><\/span>\n\t<\/p>\n<\/div>\n<div class=\"wpcf7-inline-wrapper\">\n\t<p class=\"wpcf7-inline-field\"><span class=\"wpcf7-form-control-wrap\" data-name=\"driver-email\"><input size=\"40\" maxlength=\"400\" class=\"wpcf7-form-control wpcf7-email wpcf7-validates-as-required wpcf7-text wpcf7-validates-as-email\" aria-required=\"true\" aria-invalid=\"false\" placeholder=\"E-Mail*\" value=\"\" type=\"email\" name=\"driver-email\" \/><\/span>\n\t<\/p>\n<\/div>\n<div class=\"wpcf7-inline-wrapper\">\n\t<p class=\"wpcf7-inline-field\"><span class=\"wpcf7-form-control-wrap\" data-name=\"driver-email-confirm\"><input size=\"40\" maxlength=\"400\" class=\"wpcf7-form-control wpcf7-email wpcf7-validates-as-required wpcf7-text wpcf7-validates-as-email\" aria-required=\"true\" aria-invalid=\"false\" placeholder=\"E-Mail best\u00e4tigen*\" value=\"\" type=\"email\" name=\"driver-email-confirm\" \/><\/span>\n\t<\/p>\n<\/div>\n<div class=\"wpcf7-inline-wrapper\">\n\t<p class=\"wpcf7-inline-field\"><span class=\"wpcf7-form-control-wrap\" data-name=\"driver-phone\"><input size=\"40\" maxlength=\"400\" class=\"wpcf7-form-control wpcf7-text wpcf7-validates-as-required\" aria-required=\"true\" aria-invalid=\"false\" placeholder=\"Telefon*\" value=\"\" type=\"text\" name=\"driver-phone\" \/><\/span>\n\t<\/p>\n<\/div>\n<div class=\"wpcf7-inline-wrapper\">\n\t<p class=\"wpcf7-inline-field\"><span class=\"wpcf7-form-control-wrap\" data-name=\"driver-address\"><input size=\"40\" maxlength=\"400\" class=\"wpcf7-form-control wpcf7-text wpcf7-validates-as-required\" aria-required=\"true\" aria-invalid=\"false\" placeholder=\"Adresse*\" value=\"\" type=\"text\" name=\"driver-address\" \/><\/span>\n\t<\/p>\n<\/div>\n<div class=\"wpcf7-inline-wrapper\">\n\t<p class=\"wpcf7-inline-field\"><span class=\"wpcf7-form-control-wrap\" data-name=\"driver-postcode\"><input size=\"40\" maxlength=\"400\" class=\"wpcf7-form-control wpcf7-text wpcf7-validates-as-required\" aria-required=\"true\" aria-invalid=\"false\" placeholder=\"PLZ*\" value=\"\" type=\"text\" name=\"driver-postcode\" \/><\/span>\n\t<\/p>\n\t<p class=\"wpcf7-inline-field\"><span class=\"wpcf7-form-control-wrap\" data-name=\"driver-city\"><input size=\"40\" maxlength=\"400\" class=\"wpcf7-form-control wpcf7-text wpcf7-validates-as-required\" aria-required=\"true\" aria-invalid=\"false\" placeholder=\"Stadt\/Ort*\" value=\"\" type=\"text\" name=\"driver-city\" \/><\/span>\n\t<\/p>\n<\/div>\n<div class=\"wpcf7-inline-wrapper\">\n\t<p class=\"wpcf7-inline-field\"><span class=\"wpcf7-form-control-wrap\" data-name=\"driver-country\"><input size=\"40\" maxlength=\"400\" class=\"wpcf7-form-control wpcf7-text wpcf7-validates-as-required\" aria-required=\"true\" aria-invalid=\"false\" placeholder=\"Land*\" value=\"\" type=\"text\" name=\"driver-country\" \/><\/span>\n\t<\/p>\n<\/div>\n<div class=\"wpcf7-inline-wrapper\">\n<\/div>\n<p><span class=\"wpcf7-form-control-wrap\" data-name=\"add-codriver\"><span class=\"wpcf7-form-control wpcf7-checkbox\"><span class=\"wpcf7-list-item first last\"><label><input type=\"checkbox\" name=\"add-codriver[]\" value=\"Beifahrer\" \/><span class=\"wpcf7-list-item-label\">Beifahrer<\/span><\/label><\/span><\/span><\/span><br \/>\n(Wenn kein Beifahrer \/ keine 2. Person gew\u00fcnscht, Felder bitte einfach leer lassen)\n<\/p>\n<div data-id=\"add-codriver-information\" data-orig_data_id=\"add-codriver-information\" data-clear_on_hide class=\"\" data-class=\"wpcf7cf_group\">\n\t<div class=\"wpcf7-inline-wrapper\">\n\t\t<p class=\"wpcf7-inline-field\"><span class=\"wpcf7-form-control-wrap\" data-name=\"codriver-firstname\"><input size=\"40\" maxlength=\"400\" class=\"wpcf7-form-control wpcf7-text wpcf7-validates-as-required\" aria-required=\"true\" aria-invalid=\"false\" placeholder=\"Vorname*\" value=\"\" type=\"text\" name=\"codriver-firstname\" \/><\/span>\n\t\t<\/p>\n\t\t<p class=\"wpcf7-inline-field\"><span class=\"wpcf7-form-control-wrap\" data-name=\"codriver-lastname\"><input size=\"40\" maxlength=\"400\" class=\"wpcf7-form-control wpcf7-text wpcf7-validates-as-required\" aria-required=\"true\" aria-invalid=\"false\" placeholder=\"Nachname*\" value=\"\" type=\"text\" name=\"codriver-lastname\" \/><\/span>\n\t\t<\/p>\n\t<\/div>\n\t<div class=\"wpcf7-inline-wrapper\">\n\t\t<p class=\"wpcf7-inline-field\"><span class=\"wpcf7-form-control-wrap\" data-name=\"codriver-date_of_birth\"><input class=\"wpcf7-form-control wpcf7-date wpcf7-validates-as-required wpcf7-validates-as-date\" aria-required=\"true\" aria-invalid=\"false\" value=\"\" type=\"date\" name=\"codriver-date_of_birth\" \/><\/span>\n\t\t<\/p>\n\t\t<p class=\"wpcf7-inline-field\"><span class=\"wpcf7-form-control-wrap\" data-name=\"codriver-id_number\"><input size=\"40\" maxlength=\"400\" class=\"wpcf7-form-control wpcf7-text wpcf7-validates-as-required\" aria-required=\"true\" aria-invalid=\"false\" placeholder=\"Ausweis-Nr.*\" value=\"\" type=\"text\" name=\"codriver-id_number\" \/><\/span>\n\t\t<\/p>\n\t<\/div>\n\t<div class=\"wpcf7-inline-wrapper\">\n\t\t<p class=\"wpcf7-inline-field\"><span class=\"wpcf7-form-control-wrap\" data-name=\"codriver-email\"><input size=\"40\" maxlength=\"400\" class=\"wpcf7-form-control wpcf7-email wpcf7-validates-as-required wpcf7-text wpcf7-validates-as-email\" aria-required=\"true\" aria-invalid=\"false\" placeholder=\"E-Mail*\" value=\"\" type=\"email\" name=\"codriver-email\" \/><\/span>\n\t\t<\/p>\n\t<\/div>\n\t<div class=\"wpcf7-inline-wrapper\">\n\t\t<p class=\"wpcf7-inline-field\"><span class=\"wpcf7-form-control-wrap\" data-name=\"codriver-email-confirm\"><input size=\"40\" maxlength=\"400\" class=\"wpcf7-form-control wpcf7-email wpcf7-validates-as-required wpcf7-text wpcf7-validates-as-email\" aria-required=\"true\" aria-invalid=\"false\" placeholder=\"E-Mail best\u00e4tigen*\" value=\"\" type=\"email\" name=\"codriver-email-confirm\" \/><\/span>\n\t\t<\/p>\n\t<\/div>\n\t<div class=\"wpcf7-inline-wrapper\">\n\t\t<p class=\"wpcf7-inline-field\"><span class=\"wpcf7-form-control-wrap\" data-name=\"codriver-phone\"><input size=\"40\" maxlength=\"400\" class=\"wpcf7-form-control wpcf7-text wpcf7-validates-as-required\" aria-required=\"true\" aria-invalid=\"false\" placeholder=\"Telefon*\" value=\"\" type=\"text\" name=\"codriver-phone\" \/><\/span>\n\t\t<\/p>\n\t<\/div>\n\t<div class=\"wpcf7-inline-wrapper\">\n\t\t<p class=\"wpcf7-inline-field\"><span class=\"wpcf7-form-control-wrap\" data-name=\"codriver-address\"><input size=\"40\" maxlength=\"400\" class=\"wpcf7-form-control wpcf7-text wpcf7-validates-as-required\" aria-required=\"true\" aria-invalid=\"false\" placeholder=\"Adresse*\" value=\"\" type=\"text\" name=\"codriver-address\" \/><\/span>\n\t\t<\/p>\n\t<\/div>\n\t<div class=\"wpcf7-inline-wrapper\">\n\t\t<p class=\"wpcf7-inline-field\"><span class=\"wpcf7-form-control-wrap\" data-name=\"codriver-postcode\"><input size=\"40\" maxlength=\"400\" class=\"wpcf7-form-control wpcf7-text wpcf7-validates-as-required\" aria-required=\"true\" aria-invalid=\"false\" placeholder=\"PLZ*\" value=\"\" type=\"text\" name=\"codriver-postcode\" \/><\/span>\n\t\t<\/p>\n\t\t<p class=\"wpcf7-inline-field\"><span class=\"wpcf7-form-control-wrap\" data-name=\"codriver-city\"><input size=\"40\" maxlength=\"400\" class=\"wpcf7-form-control wpcf7-text wpcf7-validates-as-required\" aria-required=\"true\" aria-invalid=\"false\" placeholder=\"Stadt\/Ort*\" value=\"\" type=\"text\" name=\"codriver-city\" \/><\/span>\n\t\t<\/p>\n\t<\/div>\n\t<div class=\"wpcf7-inline-wrapper\">\n\t\t<p class=\"wpcf7-inline-field\"><span class=\"wpcf7-form-control-wrap\" data-name=\"codriver-country\"><input size=\"40\" maxlength=\"400\" class=\"wpcf7-form-control wpcf7-text wpcf7-validates-as-required\" aria-required=\"true\" aria-invalid=\"false\" placeholder=\"Land*\" value=\"\" type=\"text\" name=\"codriver-country\" \/><\/span>\n\t\t<\/p>\n\t<\/div>\n<\/div>\n<div class=\"wpcf7-inline-wrapper\">\n<\/div>\n<h4 style=\"padding: 40px 0px 0px 0px !important;\">Schritt 3<br \/>\nFahrzeugbeschreibung\n<\/h4>\n<p>Bitte beschreiben Sie uns detailliert das Teilnehmer-Fahrzeug\n<\/p>\n<div class=\"wpcf7-inline-wrapper\">\n\t<p class=\"wpcf7-inline-field\"><span class=\"wpcf7-form-control-wrap\" data-name=\"your-car-year\"><input size=\"40\" maxlength=\"400\" class=\"wpcf7-form-control wpcf7-text wpcf7-validates-as-required\" aria-required=\"true\" aria-invalid=\"false\" placeholder=\"Baujahr*\" value=\"\" type=\"text\" name=\"your-car-year\" \/><\/span>\n\t<\/p>\n\t<p class=\"wpcf7-inline-field\"><span class=\"wpcf7-form-control-wrap\" data-name=\"your-car-manufacturer\"><input size=\"40\" maxlength=\"400\" class=\"wpcf7-form-control wpcf7-text wpcf7-validates-as-required\" aria-required=\"true\" aria-invalid=\"false\" placeholder=\"Hersteller*\" value=\"\" type=\"text\" name=\"your-car-manufacturer\" \/><\/span>\n\t<\/p>\n\t<p class=\"wpcf7-inline-field\"><span class=\"wpcf7-form-control-wrap\" data-name=\"your-car-model\"><input size=\"40\" maxlength=\"400\" class=\"wpcf7-form-control wpcf7-text wpcf7-validates-as-required\" aria-required=\"true\" aria-invalid=\"false\" placeholder=\"Modell*\" value=\"\" type=\"text\" name=\"your-car-model\" \/><\/span>\n\t<\/p>\n<\/div>\n<div class=\"wpcf7-inline-wrapper\">\n\t<p class=\"wpcf7-inline-field textarea-car-description\"><span class=\"wpcf7-form-control-wrap\" data-name=\"your-car-description\"><textarea cols=\"40\" rows=\"10\" maxlength=\"2000\" class=\"wpcf7-form-control wpcf7-textarea wpcf7-validates-as-required\" aria-required=\"true\" aria-invalid=\"false\" placeholder=\"Beschreibung*\" name=\"your-car-description\"><\/textarea><\/span>\n\t<\/p>\n<\/div>\n<div class=\"wpcf7-inline-wrapper\">\n\t<p class=\"wpcf7-inline-field\"><span class=\"wpcf7-form-control-wrap\" data-name=\"your-car-coachbuilder\"><input size=\"40\" maxlength=\"400\" class=\"wpcf7-form-control wpcf7-text\" aria-invalid=\"false\" placeholder=\"Coachbuilder\" value=\"\" type=\"text\" name=\"your-car-coachbuilder\" \/><\/span>\n\t<\/p>\n\t<p class=\"wpcf7-inline-field\"><span class=\"wpcf7-form-control-wrap\" data-name=\"your-car-chassis_no\"><input size=\"40\" maxlength=\"400\" class=\"wpcf7-form-control wpcf7-text\" aria-invalid=\"false\" placeholder=\"Chassis-Nr.\" value=\"\" type=\"text\" name=\"your-car-chassis_no\" \/><\/span>\n\t<\/p>\n<\/div>\n<div class=\"wpcf7-inline-wrapper\">\n<\/div>\n<div class=\"wpcf7-inline-wrapper\">\n\t<p>Foto-Upload (max. 5MB):<br \/>\n<label class=\"btn btn-accent btn-block btn-file\"><span class=\"wpcf7-form-control-wrap\" data-name=\"your-file\"><input size=\"40\" class=\"wpcf7-form-control wpcf7-file\" accept=\".pdf,.jpg,.jpeg,.png\" aria-invalid=\"false\" type=\"file\" name=\"your-file\" \/><\/span><i class=\"fa fa-cloud-upload\"><\/i> Datei hochladen<\/label>\n\t<\/p>\n<\/div>\n<div class=\"wpcf7-inline-wrapper\">\n<\/div>\n<h4 style=\"padding: 40px 0px 0px 0px !important;\">Schritt 4<br \/>\nBest\u00e4tigung\n<\/h4>\n<p>Bitte best\u00e4tigen Sie Ihre Anmeldung\n<\/p>\n<p><span class=\"wpcf7-form-control-wrap\" data-name=\"confirm-booking\"><span class=\"wpcf7-form-control wpcf7-checkbox wpcf7-validates-as-required\"><span class=\"wpcf7-list-item first last\"><label><input type=\"checkbox\" name=\"confirm-booking[]\" value=\"Best\u00e4tigung\" \/><span class=\"wpcf7-list-item-label\">Best\u00e4tigung<\/span><\/label><\/span><\/span><\/span><br \/>\nIch best\u00e4tige die Anmeldung und die Buchung der Teilnahme<br \/>\nund Rechnung an die folgende Adresse:\n<\/p>\n<div class=\"wpcf7-inline-wrapper\">\n\t<p class=\"wpcf7-inline-field\"><span class=\"wpcf7-form-control-wrap\" data-name=\"invoice-firstname\"><input size=\"40\" maxlength=\"400\" class=\"wpcf7-form-control wpcf7-text wpcf7-validates-as-required\" aria-required=\"true\" aria-invalid=\"false\" placeholder=\"Vorname*\" value=\"\" type=\"text\" name=\"invoice-firstname\" \/><\/span>\n\t<\/p>\n\t<p class=\"wpcf7-inline-field\"><span class=\"wpcf7-form-control-wrap\" data-name=\"invoice-lastname\"><input size=\"40\" maxlength=\"400\" class=\"wpcf7-form-control wpcf7-text wpcf7-validates-as-required\" aria-required=\"true\" aria-invalid=\"false\" placeholder=\"Nachname*\" value=\"\" type=\"text\" name=\"invoice-lastname\" \/><\/span>\n\t<\/p>\n<\/div>\n<p>Bitte f\u00fcllen Sie diese Felder aus, wenn die Teilnahme einer Firma<br \/>\nin Rechnung gestellt werden soll:\n<\/p>\n<div class=\"wpcf7-inline-wrapper\">\n\t<p class=\"wpcf7-inline-field\"><span class=\"wpcf7-form-control-wrap\" data-name=\"invoice-company\"><input size=\"40\" maxlength=\"400\" class=\"wpcf7-form-control wpcf7-text\" aria-invalid=\"false\" placeholder=\"Firma\" value=\"\" type=\"text\" name=\"invoice-company\" \/><\/span>\n\t<\/p>\n\t<p class=\"wpcf7-inline-field\"><span class=\"wpcf7-form-control-wrap\" data-name=\"invoice-vat\"><input size=\"40\" maxlength=\"400\" class=\"wpcf7-form-control wpcf7-text\" aria-invalid=\"false\" placeholder=\"USt-ID\" value=\"\" type=\"text\" name=\"invoice-vat\" \/><\/span>\n\t<\/p>\n<\/div>\n<div class=\"wpcf7-inline-wrapper\">\n\t<p class=\"wpcf7-inline-field\"><span class=\"wpcf7-form-control-wrap\" data-name=\"invoice-address\"><input size=\"40\" maxlength=\"400\" class=\"wpcf7-form-control wpcf7-text wpcf7-validates-as-required\" aria-required=\"true\" aria-invalid=\"false\" placeholder=\"Adresse*\" value=\"\" type=\"text\" name=\"invoice-address\" \/><\/span>\n\t<\/p>\n<\/div>\n<div class=\"wpcf7-inline-wrapper\">\n\t<p class=\"wpcf7-inline-field\"><span class=\"wpcf7-form-control-wrap\" data-name=\"invoice-postcode\"><input size=\"40\" maxlength=\"400\" class=\"wpcf7-form-control wpcf7-text wpcf7-validates-as-required\" aria-required=\"true\" aria-invalid=\"false\" placeholder=\"PLZ*\" value=\"\" type=\"text\" name=\"invoice-postcode\" \/><\/span>\n\t<\/p>\n\t<p class=\"wpcf7-inline-field\"><span class=\"wpcf7-form-control-wrap\" data-name=\"invoice-city\"><input size=\"40\" maxlength=\"400\" class=\"wpcf7-form-control wpcf7-text wpcf7-validates-as-required\" aria-required=\"true\" aria-invalid=\"false\" placeholder=\"Stadt\/Ort*\" value=\"\" type=\"text\" name=\"invoice-city\" \/><\/span>\n\t<\/p>\n<\/div>\n<div class=\"wpcf7-inline-wrapper\">\n\t<p class=\"wpcf7-inline-field\"><span class=\"wpcf7-form-control-wrap\" data-name=\"invoice-country\"><input size=\"40\" maxlength=\"400\" class=\"wpcf7-form-control wpcf7-text wpcf7-validates-as-required\" aria-required=\"true\" aria-invalid=\"false\" placeholder=\"Land*\" value=\"\" type=\"text\" name=\"invoice-country\" \/><\/span>\n\t<\/p>\n<\/div>\n<p><\/>\n<\/p>\n<p><span class=\"wpcf7-form-control-wrap\" data-name=\"privacy_policy\"><span class=\"wpcf7-form-control wpcf7-acceptance\"><span class=\"wpcf7-list-item\"><label><input type=\"checkbox\" name=\"privacy_policy\" value=\"1\" aria-invalid=\"false\" \/><span class=\"wpcf7-list-item-label\">Ich habe die Nutzungsbedingungen und die <a href=\"\/de\/datenschutz\">Datenschutzrichtlinie<\/a> gelesen und akzeptiere sie<\/span><\/label><\/span><\/span><\/span>\n<\/p>\n<p><input class=\"wpcf7-form-control wpcf7-submit has-spinner btn btn-accent btn-block\" type=\"submit\" value=\"absenden\" \/>\n<\/p><div class=\"wpcf7-response-output\" aria-hidden=\"true\"><\/div>\n<\/form>\n<\/div>\n[\/vc_column_inner][\/vc_row_inner][vc_empty_space empty_h=&#8220;3&#8243;][\/vc_column][\/vc_row]<\/p>\n<\/div>","protected":false},"excerpt":{"rendered":"<p>[vc_row row_height_percent=&#8220;0&#8243; overlay_alpha=&#8220;50&#8243; gutter_size=&#8220;3&#8243; column_width_percent=&#8220;100&#8243; shift_y=&#8220;0&#8243; z_index=&#8220;0&#8243; uncode_shortcode_id=&#8220;118480&#8243;][vc_column column_width_percent=&#8220;100&#8243; position_horizontal=&#8220;left&#8220; gutter_size=&#8220;3&#8243; overlay_alpha=&#8220;50&#8243; shift_x=&#8220;0&#8243; shift_y=&#8220;0&#8243; shift_y_down=&#8220;0&#8243; z_index=&#8220;0&#8243; medium_width=&#8220;0&#8243; mobile_width=&#8220;0&#8243; width=&#8220;1\/1&#8243; uncode_shortcode_id=&#8220;142457&#8243;][vc_empty_space [&hellip;]<\/p>\n","protected":false},"author":1,"featured_media":0,"parent":2141,"menu_order":0,"comment_status":"closed","ping_status":"closed","template":"","meta":{"footnotes":""},"class_list":["post-2159","page","type-page","status-publish","hentry"],"yoast_head":"<!-- This site is optimized with the Yoast SEO plugin v27.1.1 - https:\/\/yoast.com\/product\/yoast-seo-wordpress\/ -->\n<title>Anmeldung La Vitesse - ICONS Mallorca<\/title>\n<meta name=\"robots\" content=\"index, follow, max-snippet:-1, max-image-preview:large, max-video-preview:-1\" \/>\n<link rel=\"canonical\" href=\"https:\/\/www.iconsmallorca.com\/de\/teilnehmer\/teilnahme\/anmeldung-la-vitesse\/\" \/>\n<meta property=\"og:locale\" content=\"de_DE\" \/>\n<meta property=\"og:type\" content=\"article\" \/>\n<meta property=\"og:title\" content=\"Anmeldung La Vitesse - ICONS Mallorca\" \/>\n<meta property=\"og:description\" content=\"[vc_row row_height_percent=&#8220;0&#8243; overlay_alpha=&#8220;50&#8243; gutter_size=&#8220;3&#8243; column_width_percent=&#8220;100&#8243; shift_y=&#8220;0&#8243; z_index=&#8220;0&#8243; uncode_shortcode_id=&#8220;118480&#8243;][vc_column column_width_percent=&#8220;100&#8243; position_horizontal=&#8220;left&#8220; gutter_size=&#8220;3&#8243; overlay_alpha=&#8220;50&#8243; shift_x=&#8220;0&#8243; shift_y=&#8220;0&#8243; shift_y_down=&#8220;0&#8243; z_index=&#8220;0&#8243; medium_width=&#8220;0&#8243; mobile_width=&#8220;0&#8243; width=&#8220;1\/1&#8243; uncode_shortcode_id=&#8220;142457&#8243;][vc_empty_space [&hellip;]\" \/>\n<meta property=\"og:url\" content=\"https:\/\/www.iconsmallorca.com\/de\/teilnehmer\/teilnahme\/anmeldung-la-vitesse\/\" \/>\n<meta property=\"og:site_name\" content=\"ICONS Mallorca\" \/>\n<meta property=\"article:publisher\" content=\"https:\/\/www.facebook.com\/people\/ICONS-Mallorca\/61556210574876\/\" \/>\n<meta property=\"article:modified_time\" content=\"2025-03-13T11:28:41+00:00\" \/>\n<meta property=\"og:image\" content=\"https:\/\/www.iconsmallorca.com\/wp-content\/uploads\/2024\/05\/icons-seo-fallback.jpg\" \/>\n\t<meta property=\"og:image:width\" content=\"1170\" \/>\n\t<meta property=\"og:image:height\" content=\"664\" \/>\n\t<meta property=\"og:image:type\" content=\"image\/jpeg\" \/>\n<meta name=\"twitter:card\" content=\"summary_large_image\" \/>\n<meta name=\"twitter:label1\" content=\"Gesch\u00e4tzte Lesezeit\" \/>\n\t<meta name=\"twitter:data1\" content=\"1\u00a0Minute\" \/>\n<script type=\"application\/ld+json\" class=\"yoast-schema-graph\">{\"@context\":\"https:\/\/schema.org\",\"@graph\":[{\"@type\":\"WebPage\",\"@id\":\"https:\/\/www.iconsmallorca.com\/de\/teilnehmer\/teilnahme\/anmeldung-la-vitesse\/\",\"url\":\"https:\/\/www.iconsmallorca.com\/de\/teilnehmer\/teilnahme\/anmeldung-la-vitesse\/\",\"name\":\"Anmeldung La Vitesse - ICONS Mallorca\",\"isPartOf\":{\"@id\":\"https:\/\/www.iconsmallorca.com\/de\/#website\"},\"datePublished\":\"2024-03-15T16:01:26+00:00\",\"dateModified\":\"2025-03-13T11:28:41+00:00\",\"breadcrumb\":{\"@id\":\"https:\/\/www.iconsmallorca.com\/de\/teilnehmer\/teilnahme\/anmeldung-la-vitesse\/#breadcrumb\"},\"inLanguage\":\"de\",\"potentialAction\":[{\"@type\":\"ReadAction\",\"target\":[\"https:\/\/www.iconsmallorca.com\/de\/teilnehmer\/teilnahme\/anmeldung-la-vitesse\/\"]}]},{\"@type\":\"BreadcrumbList\",\"@id\":\"https:\/\/www.iconsmallorca.com\/de\/teilnehmer\/teilnahme\/anmeldung-la-vitesse\/#breadcrumb\",\"itemListElement\":[{\"@type\":\"ListItem\",\"position\":1,\"name\":\"Teilnahme\",\"item\":\"https:\/\/www.iconsmallorca.com\/de\/teilnehmer\/\"},{\"@type\":\"ListItem\",\"position\":2,\"name\":\"Teilnahme\",\"item\":\"https:\/\/www.iconsmallorca.com\/de\/teilnehmer\/teilnahme\/\"},{\"@type\":\"ListItem\",\"position\":3,\"name\":\"Anmeldung La Vitesse\"}]},{\"@type\":\"WebSite\",\"@id\":\"https:\/\/www.iconsmallorca.com\/de\/#website\",\"url\":\"https:\/\/www.iconsmallorca.com\/de\/\",\"name\":\"ICONS Mallorca\",\"description\":\"Mobility Week for Good\",\"publisher\":{\"@id\":\"https:\/\/www.iconsmallorca.com\/de\/#organization\"},\"potentialAction\":[{\"@type\":\"SearchAction\",\"target\":{\"@type\":\"EntryPoint\",\"urlTemplate\":\"https:\/\/www.iconsmallorca.com\/de\/?s={search_term_string}\"},\"query-input\":{\"@type\":\"PropertyValueSpecification\",\"valueRequired\":true,\"valueName\":\"search_term_string\"}}],\"inLanguage\":\"de\"},{\"@type\":\"Organization\",\"@id\":\"https:\/\/www.iconsmallorca.com\/de\/#organization\",\"name\":\"ICONS Mallorca\",\"url\":\"https:\/\/www.iconsmallorca.com\/de\/\",\"logo\":{\"@type\":\"ImageObject\",\"inLanguage\":\"de\",\"@id\":\"https:\/\/www.iconsmallorca.com\/de\/#\/schema\/logo\/image\/\",\"url\":\"https:\/\/www.iconsmallorca.com\/wp-content\/uploads\/2024\/01\/home-logo-lightmode.png\",\"contentUrl\":\"https:\/\/www.iconsmallorca.com\/wp-content\/uploads\/2024\/01\/home-logo-lightmode.png\",\"width\":836,\"height\":599,\"caption\":\"ICONS Mallorca\"},\"image\":{\"@id\":\"https:\/\/www.iconsmallorca.com\/de\/#\/schema\/logo\/image\/\"},\"sameAs\":[\"https:\/\/www.facebook.com\/people\/ICONS-Mallorca\/61556210574876\/\",\"https:\/\/www.instagram.com\/icons.mallorca\/\",\"https:\/\/www.youtube.com\/@iconsmallorca\"]}]}<\/script>\n<!-- \/ Yoast SEO plugin. -->","yoast_head_json":{"title":"Anmeldung La Vitesse - ICONS Mallorca","robots":{"index":"index","follow":"follow","max-snippet":"max-snippet:-1","max-image-preview":"max-image-preview:large","max-video-preview":"max-video-preview:-1"},"canonical":"https:\/\/www.iconsmallorca.com\/de\/teilnehmer\/teilnahme\/anmeldung-la-vitesse\/","og_locale":"de_DE","og_type":"article","og_title":"Anmeldung La Vitesse - ICONS Mallorca","og_description":"[vc_row row_height_percent=&#8220;0&#8243; overlay_alpha=&#8220;50&#8243; gutter_size=&#8220;3&#8243; column_width_percent=&#8220;100&#8243; shift_y=&#8220;0&#8243; z_index=&#8220;0&#8243; uncode_shortcode_id=&#8220;118480&#8243;][vc_column column_width_percent=&#8220;100&#8243; position_horizontal=&#8220;left&#8220; gutter_size=&#8220;3&#8243; overlay_alpha=&#8220;50&#8243; shift_x=&#8220;0&#8243; shift_y=&#8220;0&#8243; shift_y_down=&#8220;0&#8243; z_index=&#8220;0&#8243; medium_width=&#8220;0&#8243; mobile_width=&#8220;0&#8243; width=&#8220;1\/1&#8243; uncode_shortcode_id=&#8220;142457&#8243;][vc_empty_space [&hellip;]","og_url":"https:\/\/www.iconsmallorca.com\/de\/teilnehmer\/teilnahme\/anmeldung-la-vitesse\/","og_site_name":"ICONS Mallorca","article_publisher":"https:\/\/www.facebook.com\/people\/ICONS-Mallorca\/61556210574876\/","article_modified_time":"2025-03-13T11:28:41+00:00","og_image":[{"width":1170,"height":664,"url":"https:\/\/www.iconsmallorca.com\/wp-content\/uploads\/2024\/05\/icons-seo-fallback.jpg","type":"image\/jpeg"}],"twitter_card":"summary_large_image","twitter_misc":{"Gesch\u00e4tzte Lesezeit":"1\u00a0Minute"},"schema":{"@context":"https:\/\/schema.org","@graph":[{"@type":"WebPage","@id":"https:\/\/www.iconsmallorca.com\/de\/teilnehmer\/teilnahme\/anmeldung-la-vitesse\/","url":"https:\/\/www.iconsmallorca.com\/de\/teilnehmer\/teilnahme\/anmeldung-la-vitesse\/","name":"Anmeldung La Vitesse - ICONS Mallorca","isPartOf":{"@id":"https:\/\/www.iconsmallorca.com\/de\/#website"},"datePublished":"2024-03-15T16:01:26+00:00","dateModified":"2025-03-13T11:28:41+00:00","breadcrumb":{"@id":"https:\/\/www.iconsmallorca.com\/de\/teilnehmer\/teilnahme\/anmeldung-la-vitesse\/#breadcrumb"},"inLanguage":"de","potentialAction":[{"@type":"ReadAction","target":["https:\/\/www.iconsmallorca.com\/de\/teilnehmer\/teilnahme\/anmeldung-la-vitesse\/"]}]},{"@type":"BreadcrumbList","@id":"https:\/\/www.iconsmallorca.com\/de\/teilnehmer\/teilnahme\/anmeldung-la-vitesse\/#breadcrumb","itemListElement":[{"@type":"ListItem","position":1,"name":"Teilnahme","item":"https:\/\/www.iconsmallorca.com\/de\/teilnehmer\/"},{"@type":"ListItem","position":2,"name":"Teilnahme","item":"https:\/\/www.iconsmallorca.com\/de\/teilnehmer\/teilnahme\/"},{"@type":"ListItem","position":3,"name":"Anmeldung La Vitesse"}]},{"@type":"WebSite","@id":"https:\/\/www.iconsmallorca.com\/de\/#website","url":"https:\/\/www.iconsmallorca.com\/de\/","name":"ICONS Mallorca","description":"Mobility Week for Good","publisher":{"@id":"https:\/\/www.iconsmallorca.com\/de\/#organization"},"potentialAction":[{"@type":"SearchAction","target":{"@type":"EntryPoint","urlTemplate":"https:\/\/www.iconsmallorca.com\/de\/?s={search_term_string}"},"query-input":{"@type":"PropertyValueSpecification","valueRequired":true,"valueName":"search_term_string"}}],"inLanguage":"de"},{"@type":"Organization","@id":"https:\/\/www.iconsmallorca.com\/de\/#organization","name":"ICONS Mallorca","url":"https:\/\/www.iconsmallorca.com\/de\/","logo":{"@type":"ImageObject","inLanguage":"de","@id":"https:\/\/www.iconsmallorca.com\/de\/#\/schema\/logo\/image\/","url":"https:\/\/www.iconsmallorca.com\/wp-content\/uploads\/2024\/01\/home-logo-lightmode.png","contentUrl":"https:\/\/www.iconsmallorca.com\/wp-content\/uploads\/2024\/01\/home-logo-lightmode.png","width":836,"height":599,"caption":"ICONS Mallorca"},"image":{"@id":"https:\/\/www.iconsmallorca.com\/de\/#\/schema\/logo\/image\/"},"sameAs":["https:\/\/www.facebook.com\/people\/ICONS-Mallorca\/61556210574876\/","https:\/\/www.instagram.com\/icons.mallorca\/","https:\/\/www.youtube.com\/@iconsmallorca"]}]}},"_links":{"self":[{"href":"https:\/\/www.iconsmallorca.com\/de\/wp-json\/wp\/v2\/pages\/2159","targetHints":{"allow":["GET"]}}],"collection":[{"href":"https:\/\/www.iconsmallorca.com\/de\/wp-json\/wp\/v2\/pages"}],"about":[{"href":"https:\/\/www.iconsmallorca.com\/de\/wp-json\/wp\/v2\/types\/page"}],"author":[{"embeddable":true,"href":"https:\/\/www.iconsmallorca.com\/de\/wp-json\/wp\/v2\/users\/1"}],"replies":[{"embeddable":true,"href":"https:\/\/www.iconsmallorca.com\/de\/wp-json\/wp\/v2\/comments?post=2159"}],"version-history":[{"count":21,"href":"https:\/\/www.iconsmallorca.com\/de\/wp-json\/wp\/v2\/pages\/2159\/revisions"}],"predecessor-version":[{"id":6407,"href":"https:\/\/www.iconsmallorca.com\/de\/wp-json\/wp\/v2\/pages\/2159\/revisions\/6407"}],"up":[{"embeddable":true,"href":"https:\/\/www.iconsmallorca.com\/de\/wp-json\/wp\/v2\/pages\/2141"}],"wp:attachment":[{"href":"https:\/\/www.iconsmallorca.com\/de\/wp-json\/wp\/v2\/media?parent=2159"}],"curies":[{"name":"wp","href":"https:\/\/api.w.org\/{rel}","templated":true}]}}