{"id":2124,"date":"2024-02-01T15:52:51","date_gmt":"2024-02-01T14:52:51","guid":{"rendered":"https:\/\/www.iconsmallorca.com\/teilnahme\/supercar-stage\/"},"modified":"2026-02-04T16:27:51","modified_gmt":"2026-02-04T15:27:51","slug":"supercar-stage","status":"publish","type":"page","link":"https:\/\/www.iconsmallorca.com\/de\/teilnehmer\/supercar-stage\/","title":{"rendered":"Supercar Stage"},"content":{"rendered":"<div class=\"wpb-content-wrapper\"><p>[vc_row row_height_percent=&#8220;0&#8243; overlay_alpha=&#8220;50&#8243; gutter_size=&#8220;3&#8243; column_width_percent=&#8220;100&#8243; shift_y=&#8220;0&#8243; z_index=&#8220;0&#8243; uncode_shortcode_id=&#8220;208091&#8243;][vc_column column_width_percent=&#8220;100&#8243; align_horizontal=&#8220;align_center&#8220; gutter_size=&#8220;3&#8243; overlay_alpha=&#8220;50&#8243; shift_x=&#8220;0&#8243; shift_y=&#8220;0&#8243; shift_y_down=&#8220;0&#8243; z_index=&#8220;0&#8243; medium_width=&#8220;0&#8243; mobile_width=&#8220;0&#8243; width=&#8220;1\/1&#8243; uncode_shortcode_id=&#8220;106961&#8243;][vc_empty_space empty_h=&#8220;1&#8243;][vc_custom_heading uncode_shortcode_id=&#8220;198972&#8243;]Supercar Stage[\/vc_custom_heading][vc_column_text text_lead=&#8220;small&#8220; uncode_shortcode_id=&#8220;934577&#8243; css=&#8220;.vc_custom_1710173580498{margin-top: 50px !important;}&#8220;]<\/p>\n<h6>Synonym f\u00fcr besondere Menschen mit besonderen Autos<\/h6>\n<p>[\/vc_column_text][vc_column_text text_lead=&#8220;small&#8220; uncode_shortcode_id=&#8220;191931&#8243; css=&#8220;.vc_custom_1710173588290{margin-top: 0px !important;}&#8220;]<\/p>\n<h3>Extravaganza<\/h3>\n<p>[\/vc_column_text][vc_empty_space empty_h=&#8220;2&#8243;][vc_row_inner row_inner_height_percent=&#8220;0&#8243; overlay_alpha=&#8220;50&#8243; equal_height=&#8220;yes&#8220; gutter_size=&#8220;3&#8243; shift_y=&#8220;0&#8243; z_index=&#8220;0&#8243; uncode_shortcode_id=&#8220;210980&#8243;][vc_column_inner column_width_percent=&#8220;100&#8243; gutter_size=&#8220;3&#8243; overlay_alpha=&#8220;50&#8243; shift_x=&#8220;0&#8243; shift_y=&#8220;0&#8243; shift_y_down=&#8220;0&#8243; z_index=&#8220;0&#8243; medium_width=&#8220;0&#8243; mobile_width=&#8220;0&#8243; width=&#8220;1\/2&#8243; uncode_shortcode_id=&#8220;453974&#8243; el_class=&#8220;image-card image-card-inverted&#8220;][vc_single_image media=&#8220;5771&#8243; media_width_percent=&#8220;100&#8243; media_ratio=&#8220;four-three&#8220; shadow=&#8220;yes&#8220; shadow_weight=&#8220;lg&#8220; css_animation=&#8220;parallax&#8220; parallax_intensity=&#8220;2&#8243; uncode_shortcode_id=&#8220;125803&#8243; el_class=&#8220;image-z900&#8243;][vc_single_image media=&#8220;1839&#8243; media_width_percent=&#8220;100&#8243; media_ratio=&#8220;four-three&#8220; css_animation=&#8220;parallax&#8220; parallax_intensity=&#8220;4&#8243; uncode_shortcode_id=&#8220;101217&#8243;][\/vc_column_inner][vc_column_inner column_width_percent=&#8220;100&#8243; gutter_size=&#8220;3&#8243; overlay_alpha=&#8220;50&#8243; shift_x=&#8220;0&#8243; shift_y=&#8220;0&#8243; shift_y_down=&#8220;0&#8243; z_index=&#8220;0&#8243; medium_width=&#8220;0&#8243; mobile_width=&#8220;0&#8243; width=&#8220;1\/2&#8243; uncode_shortcode_id=&#8220;456268&#8243;][vc_column_text uncode_shortcode_id=&#8220;116630&#8243;]Die Supercar- and Hypercar-Stage in den ICONS Mallorca.<\/p>\n<p>Zweifelsohne: Dies sind die Klassiker und Sammlerautos von morgen. Fahrspa\u00df und Power pur. Fulminante Beschleunigung bis zum H\u00f6chst-Tempo \u2013 Hightech-Technik von heute und morgen. Die Supercar-Stage \u201eExtravaganza\u201c ist ein spannender Schmelztiegel von Besitzern, Liebhabern und ihren Autos. Fahrzeuge von der Insel sind ebenso willkommen wie Supercar-Sch\u00e4tze aus europ\u00e4ischen und internationalen Sammlungen.<\/p>\n<p>Die Idee der Supercar-Stage \u201eExtravaganza\u201c ist, den Besitzern eine Plattform, ein Umfeld \u2013 eine Community \u2013 und den Autos das richtige \u201eTraining\u201c zu geben.<\/p>\n<p>F\u00fcr diese Rallye-Gruppe gilt ein maximales Limit von 20 Teilnehmer-Fahrzeugen. Das Starterfeld ist f\u00fcr Modelle aus den sp\u00e4ten 80er und 90er Jahren bis zu heutigen Modellen ge\u00f6ffnet. Zu den Supersportwagen z\u00e4hlen wir Top-Modelle wie Zuffenhausen, \u00c4ngelholm, Affalterbach, Molsheim, Modena &amp; Maranello, Wixom, Crewe und Sant&#8217;Agata Bolognese. Aber bitte keine Standards \u2013 wir hoffen auf Ihr Verst\u00e4ndnis. Bei Fragen wenden Sie sich bitte einfach an uns. F40s and F50s as well as Countachs and Diablos base the selection of cars. Into the future there are nearly no limits. F\u00fcr die Zukunft gibt es nahezu keine Grenzen.[\/vc_column_text][\/vc_column_inner][\/vc_row_inner][vc_empty_space empty_h=&#8220;2&#8243;][\/vc_column][\/vc_row][vc_row row_height_percent=&#8220;0&#8243; back_color=&#8220;color-lxmt&#8220; back_image=&#8220;5767&#8243; parallax=&#8220;yes&#8220; overlay_alpha=&#8220;50&#8243; gutter_size=&#8220;3&#8243; column_width_percent=&#8220;100&#8243; shift_y=&#8220;0&#8243; z_index=&#8220;0&#8243; content_parallax=&#8220;0&#8243; uncode_shortcode_id=&#8220;146096&#8243; row_height_pixel=&#8220;400px&#8220; back_color_type=&#8220;uncode-palette&#8220;][vc_column column_width_percent=&#8220;100&#8243; gutter_size=&#8220;3&#8243; overlay_alpha=&#8220;50&#8243; shift_x=&#8220;0&#8243; shift_y=&#8220;0&#8243; shift_y_down=&#8220;0&#8243; z_index=&#8220;0&#8243; medium_width=&#8220;0&#8243; mobile_width=&#8220;0&#8243; width=&#8220;1\/1&#8243; uncode_shortcode_id=&#8220;641485&#8243;][\/vc_column][\/vc_row][vc_row row_height_percent=&#8220;0&#8243; back_color=&#8220;color-lxmt&#8220; overlay_alpha=&#8220;50&#8243; gutter_size=&#8220;3&#8243; column_width_percent=&#8220;100&#8243; shift_y=&#8220;0&#8243; z_index=&#8220;0&#8243; uncode_shortcode_id=&#8220;448622&#8243; back_color_type=&#8220;uncode-palette&#8220;][vc_column column_width_percent=&#8220;100&#8243; align_horizontal=&#8220;align_center&#8220; gutter_size=&#8220;3&#8243; overlay_alpha=&#8220;50&#8243; shift_x=&#8220;0&#8243; shift_y=&#8220;0&#8243; shift_y_down=&#8220;0&#8243; z_index=&#8220;0&#8243; medium_width=&#8220;0&#8243; mobile_width=&#8220;0&#8243; width=&#8220;1\/1&#8243; uncode_shortcode_id=&#8220;325058&#8243;][vc_empty_space empty_h=&#8220;2&#8243;][vc_custom_heading uncode_shortcode_id=&#8220;644051&#8243;]Rallye &#8222;Extravaganza&#8220; Routen[\/vc_custom_heading][vc_column_text uncode_shortcode_id=&#8220;187525&#8243;]Rallye-Tage 1\u2009&amp;\u20092: 23. und 24. September 2026<br \/>\n\u2013 so bleibt am 25. noch Zeit, den Concours d\u2019\u00c9l\u00e9gance in Son Vida zu besuchen.[\/vc_column_text][vc_row_inner][vc_column_inner width=&#8220;1\/2&#8243;][vc_single_image media=&#8220;7539&#8243; media_width_percent=&#8220;100&#8243; uncode_shortcode_id=&#8220;167081&#8243;][\/vc_column_inner][vc_column_inner width=&#8220;1\/2&#8243;][vc_single_image media=&#8220;7542&#8243; media_width_percent=&#8220;100&#8243; uncode_shortcode_id=&#8220;160177&#8243;][\/vc_column_inner][\/vc_row_inner][\/vc_column][\/vc_row][vc_row row_height_percent=&#8220;0&#8243; overlay_alpha=&#8220;50&#8243; gutter_size=&#8220;3&#8243; column_width_percent=&#8220;100&#8243; shift_y=&#8220;0&#8243; z_index=&#8220;0&#8243; uncode_shortcode_id=&#8220;139183&#8243;][vc_column width=&#8220;1\/1&#8243;][vc_row_inner row_inner_height_percent=&#8220;0&#8243; overlay_alpha=&#8220;50&#8243; equal_height=&#8220;yes&#8220; gutter_size=&#8220;3&#8243; shift_y=&#8220;0&#8243; z_index=&#8220;0&#8243; uncode_shortcode_id=&#8220;210980&#8243;][vc_column_inner column_width_percent=&#8220;100&#8243; gutter_size=&#8220;3&#8243; overlay_alpha=&#8220;50&#8243; shift_x=&#8220;0&#8243; shift_y=&#8220;0&#8243; shift_y_down=&#8220;0&#8243; z_index=&#8220;0&#8243; medium_width=&#8220;0&#8243; mobile_width=&#8220;0&#8243; width=&#8220;1\/2&#8243; uncode_shortcode_id=&#8220;453974&#8243; el_class=&#8220;image-card image-card-inverted&#8220;][vc_single_image media=&#8220;1905&#8243; media_width_percent=&#8220;100&#8243; media_ratio=&#8220;four-three&#8220; shadow=&#8220;yes&#8220; shadow_weight=&#8220;lg&#8220; css_animation=&#8220;parallax&#8220; parallax_intensity=&#8220;2&#8243; uncode_shortcode_id=&#8220;206646&#8243; el_class=&#8220;image-z900&#8243;][vc_single_image media=&#8220;1839&#8243; media_width_percent=&#8220;100&#8243; media_ratio=&#8220;four-three&#8220; css_animation=&#8220;parallax&#8220; parallax_intensity=&#8220;4&#8243; uncode_shortcode_id=&#8220;928062&#8243;][\/vc_column_inner][vc_column_inner column_width_percent=&#8220;100&#8243; position_vertical=&#8220;middle&#8220; gutter_size=&#8220;3&#8243; overlay_alpha=&#8220;50&#8243; shift_x=&#8220;0&#8243; shift_y=&#8220;0&#8243; shift_y_down=&#8220;0&#8243; z_index=&#8220;0&#8243; medium_width=&#8220;0&#8243; mobile_width=&#8220;0&#8243; width=&#8220;1\/2&#8243; uncode_shortcode_id=&#8220;720095&#8243;][vc_column_text uncode_shortcode_id=&#8220;224870&#8243; css=&#8220;.vc_custom_1739798234608{padding-right: 40px !important;padding-left: 40px !important;}&#8220;]Die \u201eExtravaganza\u201c-Teilnehmer werden als G\u00e4ste im \u201eThe Grand\u201c-Concours auf dem Golf-Platz Son Vida begr\u00fc\u00dft. (2 Eintrittskarten f\u00fcr Ihren Besuch im Concours inbegriffen.) Bitte beachten Sie dazu die Seite <a href=\"https:\/\/www.iconsmallorca.com\/de\/teilnehmer\/teilnahme\/\">\u201eTeilnahme\u201c<\/a>.[\/vc_column_text][\/vc_column_inner][\/vc_row_inner][vc_row_inner row_inner_height_percent=&#8220;0&#8243; overlay_alpha=&#8220;50&#8243; equal_height=&#8220;yes&#8220; gutter_size=&#8220;3&#8243; shift_y=&#8220;0&#8243; z_index=&#8220;0&#8243; inverted_device_order=&#8220;yes&#8220; uncode_shortcode_id=&#8220;151093&#8243;][vc_column_inner column_width_percent=&#8220;100&#8243; position_vertical=&#8220;middle&#8220; align_horizontal=&#8220;align_right&#8220; gutter_size=&#8220;3&#8243; overlay_alpha=&#8220;50&#8243; shift_x=&#8220;0&#8243; shift_y=&#8220;0&#8243; shift_y_down=&#8220;0&#8243; z_index=&#8220;0&#8243; align_medium=&#8220;align_left_tablet&#8220; medium_width=&#8220;0&#8243; align_mobile=&#8220;align_left_mobile&#8220; mobile_width=&#8220;0&#8243; width=&#8220;1\/2&#8243; uncode_shortcode_id=&#8220;122020&#8243;][vc_column_text uncode_shortcode_id=&#8220;909061&#8243; css=&#8220;.vc_custom_1739798055631{padding-right: 40px !important;padding-left: 40px !important;}&#8220;]Um die ausgew\u00e4hlten Charity-Projekte weiter zu unterst\u00fctzen, werden in den Rallyes \u201eCelebrity Teams\u201c mitfahren. Diese \u201eTeams for Good\u201c setzen sich aus bekannten Pers\u00f6nlichkeiten der Insel, aus dem klassischen oder modernen Automobil- und Motorsport sowie aus Film und Fernsehen zusammen. Ihre Ideen sind sehr willkommen.  <\/p>\n<p>Sie alle fahren, um Spenden zu sammeln.[\/vc_column_text][\/vc_column_inner][vc_column_inner column_width_percent=&#8220;100&#8243; gutter_size=&#8220;3&#8243; overlay_alpha=&#8220;50&#8243; shift_x=&#8220;0&#8243; shift_y=&#8220;0&#8243; shift_y_down=&#8220;0&#8243; z_index=&#8220;0&#8243; align_medium=&#8220;align_left_tablet&#8220; medium_width=&#8220;0&#8243; align_mobile=&#8220;align_left_mobile&#8220; mobile_width=&#8220;0&#8243; width=&#8220;1\/2&#8243; uncode_shortcode_id=&#8220;136450&#8243; el_class=&#8220;image-card&#8220;][vc_single_image media=&#8220;6157&#8243; media_width_percent=&#8220;100&#8243; media_ratio=&#8220;four-three&#8220; shadow=&#8220;yes&#8220; shadow_weight=&#8220;lg&#8220; css_animation=&#8220;parallax&#8220; parallax_intensity=&#8220;2&#8243; uncode_shortcode_id=&#8220;159750&#8243; el_class=&#8220;image-z900&#8243;][vc_single_image media=&#8220;1839&#8243; media_width_percent=&#8220;100&#8243; media_ratio=&#8220;four-three&#8220; css_animation=&#8220;parallax&#8220; parallax_intensity=&#8220;4&#8243; uncode_shortcode_id=&#8220;986442&#8243;][\/vc_column_inner][\/vc_row_inner][vc_empty_space empty_h=&#8220;1&#8243;][\/vc_column][\/vc_row][vc_row row_height_percent=&#8220;0&#8243; override_padding=&#8220;yes&#8220; h_padding=&#8220;2&#8243; top_padding=&#8220;2&#8243; bottom_padding=&#8220;0&#8243; overlay_alpha=&#8220;50&#8243; gutter_size=&#8220;3&#8243; column_width_percent=&#8220;100&#8243; shift_y=&#8220;0&#8243; z_index=&#8220;0&#8243; uncode_shortcode_id=&#8220;122305&#8243;][vc_column column_width_percent=&#8220;100&#8243; align_horizontal=&#8220;align_center&#8220; gutter_size=&#8220;3&#8243; overlay_alpha=&#8220;50&#8243; shift_x=&#8220;0&#8243; shift_y=&#8220;0&#8243; shift_y_down=&#8220;0&#8243; z_index=&#8220;0&#8243; medium_width=&#8220;0&#8243; mobile_width=&#8220;0&#8243; hcbrwpb_visible_for_roles=&#8220;administrator&#8220; width=&#8220;1\/1&#8243; uncode_shortcode_id=&#8220;900716&#8243;][vc_custom_heading uncode_shortcode_id=&#8220;130722&#8243;]Programm*[\/vc_custom_heading][\/vc_column][\/vc_row][vc_row row_height_percent=&#8220;0&#8243; overlay_alpha=&#8220;50&#8243; equal_height=&#8220;yes&#8220; gutter_size=&#8220;3&#8243; column_width_percent=&#8220;100&#8243; shift_y=&#8220;0&#8243; z_index=&#8220;0&#8243; uncode_shortcode_id=&#8220;213834&#8243;][vc_column column_width_percent=&#8220;100&#8243; gutter_size=&#8220;3&#8243; override_padding=&#8220;yes&#8220; column_padding=&#8220;0&#8243; back_color=&#8220;color-xsdn&#8220; overlay_alpha=&#8220;50&#8243; shadow=&#8220;sm&#8220; shift_x=&#8220;0&#8243; shift_y=&#8220;0&#8243; shift_y_down=&#8220;0&#8243; z_index=&#8220;0&#8243; medium_width=&#8220;0&#8243; mobile_width=&#8220;0&#8243; hcbrwpb_visible_for_roles=&#8220;administrator&#8220; width=&#8220;1\/4&#8243; uncode_shortcode_id=&#8220;445477&#8243; back_color_type=&#8220;uncode-palette&#8220;][vc_row_inner row_inner_height_percent=&#8220;0&#8243; force_width_grid=&#8220;yes&#8220; back_color=&#8220;accent&#8220; overlay_alpha=&#8220;50&#8243; gutter_size=&#8220;3&#8243; shift_y=&#8220;0&#8243; z_index=&#8220;0&#8243; uncode_shortcode_id=&#8220;195811&#8243; back_color_type=&#8220;uncode-palette&#8220;][vc_column_inner column_width_percent=&#8220;100&#8243; gutter_size=&#8220;3&#8243; override_padding=&#8220;yes&#8220; column_padding=&#8220;0&#8243; style=&#8220;dark&#8220; overlay_alpha=&#8220;50&#8243; shift_x=&#8220;0&#8243; shift_y=&#8220;0&#8243; shift_y_down=&#8220;0&#8243; z_index=&#8220;0&#8243; medium_width=&#8220;0&#8243; mobile_width=&#8220;0&#8243; width=&#8220;1\/1&#8243; uncode_shortcode_id=&#8220;633737&#8243;][vc_column_text text_lead=&#8220;small&#8220; uncode_shortcode_id=&#8220;106261&#8243; css=&#8220;.vc_custom_1739787444376{padding-top: 14px !important;padding-right: 20px !important;padding-bottom: 14px !important;padding-left: 20px !important;}&#8220;]<\/p>\n<h5>MITTWOCH<br \/>\n17. September 2025<\/h5>\n<p>[\/vc_column_text][\/vc_column_inner][\/vc_row_inner][vc_column_text text_lead=&#8220;small&#8220; uncode_shortcode_id=&#8220;880239&#8243; el_class=&#8220;list-small&#8220; css=&#8220;.vc_custom_1739795770709{margin-top: 0px !important;padding-top: 20px !important;padding-right: 20px !important;padding-bottom: 20px !important;padding-left: 20px !important;}&#8220;]<\/p>\n<ul>\n<li>Rallye-Tag #1<br \/>\nTramuntana Gebirge<\/li>\n<li>Morgendlicher Check-In der Rallyes<\/li>\n<li>Abendveranstaltung auf Motoryacht in Palma inklusive Caterings<\/li>\n<\/ul>\n<p>[\/vc_column_text][\/vc_column][vc_column column_width_percent=&#8220;100&#8243; gutter_size=&#8220;3&#8243; override_padding=&#8220;yes&#8220; column_padding=&#8220;0&#8243; back_color=&#8220;color-xsdn&#8220; overlay_alpha=&#8220;50&#8243; shadow=&#8220;sm&#8220; shift_x=&#8220;0&#8243; shift_y=&#8220;0&#8243; shift_y_down=&#8220;0&#8243; z_index=&#8220;0&#8243; medium_width=&#8220;0&#8243; mobile_width=&#8220;0&#8243; hcbrwpb_visible_for_roles=&#8220;administrator&#8220; width=&#8220;1\/4&#8243; uncode_shortcode_id=&#8220;185979&#8243; back_color_type=&#8220;uncode-palette&#8220;][vc_row_inner row_inner_height_percent=&#8220;0&#8243; force_width_grid=&#8220;yes&#8220; back_color=&#8220;accent&#8220; overlay_alpha=&#8220;50&#8243; gutter_size=&#8220;3&#8243; shift_y=&#8220;0&#8243; z_index=&#8220;0&#8243; uncode_shortcode_id=&#8220;195811&#8243; back_color_type=&#8220;uncode-palette&#8220;][vc_column_inner column_width_percent=&#8220;100&#8243; gutter_size=&#8220;3&#8243; override_padding=&#8220;yes&#8220; column_padding=&#8220;0&#8243; style=&#8220;dark&#8220; overlay_alpha=&#8220;50&#8243; shift_x=&#8220;0&#8243; shift_y=&#8220;0&#8243; shift_y_down=&#8220;0&#8243; z_index=&#8220;0&#8243; medium_width=&#8220;0&#8243; mobile_width=&#8220;0&#8243; width=&#8220;1\/1&#8243; uncode_shortcode_id=&#8220;633737&#8243;][vc_column_text text_lead=&#8220;small&#8220; uncode_shortcode_id=&#8220;190148&#8243; css=&#8220;.vc_custom_1739787431731{padding-top: 14px !important;padding-right: 20px !important;padding-bottom: 14px !important;padding-left: 20px !important;}&#8220;]<\/p>\n<h5>DONNERSTAG<br \/>\n18. September 2025<\/h5>\n<p>[\/vc_column_text][\/vc_column_inner][\/vc_row_inner][vc_column_text text_lead=&#8220;small&#8220; uncode_shortcode_id=&#8220;117885&#8243; el_class=&#8220;list-small&#8220; css=&#8220;.vc_custom_1739795806648{margin-top: 0px !important;padding-top: 20px !important;padding-right: 20px !important;padding-bottom: 20px !important;padding-left: 20px !important;}&#8220;]<\/p>\n<ul>\n<li>Rallye-Tag #2<br \/>\nOstk\u00fcste und Race-Track<\/li>\n<li>Circuit Mallorca in Llucmajor \/ freies Fahren<\/li>\n<li>Check-In Concours-Klassen \u201eThe Grand\u201c<\/li>\n<li>Abend-Empfang<\/li>\n<\/ul>\n<p>[\/vc_column_text][\/vc_column][vc_column column_width_percent=&#8220;100&#8243; gutter_size=&#8220;3&#8243; override_padding=&#8220;yes&#8220; column_padding=&#8220;0&#8243; back_color=&#8220;color-xsdn&#8220; overlay_alpha=&#8220;50&#8243; shadow=&#8220;sm&#8220; shift_x=&#8220;0&#8243; shift_y=&#8220;0&#8243; shift_y_down=&#8220;0&#8243; z_index=&#8220;0&#8243; medium_width=&#8220;0&#8243; mobile_width=&#8220;0&#8243; hcbrwpb_visible_for_roles=&#8220;administrator&#8220; width=&#8220;1\/4&#8243; uncode_shortcode_id=&#8220;209054&#8243; back_color_type=&#8220;uncode-palette&#8220;][vc_row_inner row_inner_height_percent=&#8220;0&#8243; force_width_grid=&#8220;yes&#8220; back_color=&#8220;accent&#8220; overlay_alpha=&#8220;50&#8243; gutter_size=&#8220;3&#8243; shift_y=&#8220;0&#8243; z_index=&#8220;0&#8243; uncode_shortcode_id=&#8220;195811&#8243; back_color_type=&#8220;uncode-palette&#8220;][vc_column_inner column_width_percent=&#8220;100&#8243; gutter_size=&#8220;3&#8243; override_padding=&#8220;yes&#8220; column_padding=&#8220;0&#8243; style=&#8220;dark&#8220; overlay_alpha=&#8220;50&#8243; shift_x=&#8220;0&#8243; shift_y=&#8220;0&#8243; shift_y_down=&#8220;0&#8243; z_index=&#8220;0&#8243; medium_width=&#8220;0&#8243; mobile_width=&#8220;0&#8243; width=&#8220;1\/1&#8243; uncode_shortcode_id=&#8220;633737&#8243;][vc_column_text text_lead=&#8220;small&#8220; uncode_shortcode_id=&#8220;208742&#8243; css=&#8220;.vc_custom_1739787456495{padding-top: 14px !important;padding-right: 20px !important;padding-bottom: 14px !important;padding-left: 20px !important;}&#8220;]<\/p>\n<h5>FREITAG<br \/>\n19. September 2025<\/h5>\n<p>[\/vc_column_text][\/vc_column_inner][\/vc_row_inner][vc_column_text text_lead=&#8220;small&#8220; uncode_shortcode_id=&#8220;185226&#8243; el_class=&#8220;list-small&#8220; css=&#8220;.vc_custom_1742397770079{margin-top: 0px !important;padding-top: 20px !important;padding-right: 20px !important;padding-bottom: 20px !important;padding-left: 20px !important;}&#8220;]<\/p>\n<ul>\n<li>Rallye-Tag #3<br \/>\nBesuch als VIP-G\u00e4ste im Concours \u201eThe Grand\u201c Golf Son Vida inkl. 2 Eintritts-Tickets<\/li>\n<li>F\u00fcr Concours Fahrzeuge:<br \/>\nConcours d\u2019\u00c9l\u00e9gance \u201eThe Grand\u201c am Golf Son Vida<\/li>\n<li>F\u00fcr alle: Einschl. einer ersten Trophy-Award-Ceremony f\u00fcr Rallye-Teams in der ICONS-Night<\/li>\n<li>ICONS-Night im Castell de Bellver inklusive Caterings<\/li>\n<\/ul>\n<p>[\/vc_column_text][\/vc_column][vc_column column_width_percent=&#8220;100&#8243; gutter_size=&#8220;3&#8243; override_padding=&#8220;yes&#8220; column_padding=&#8220;0&#8243; back_color=&#8220;color-xsdn&#8220; overlay_alpha=&#8220;50&#8243; shadow=&#8220;sm&#8220; shift_x=&#8220;0&#8243; shift_y=&#8220;0&#8243; shift_y_down=&#8220;0&#8243; z_index=&#8220;0&#8243; medium_width=&#8220;0&#8243; mobile_width=&#8220;0&#8243; hcbrwpb_visible_for_roles=&#8220;administrator&#8220; width=&#8220;1\/4&#8243; uncode_shortcode_id=&#8220;557346&#8243; back_color_type=&#8220;uncode-palette&#8220;][vc_row_inner row_inner_height_percent=&#8220;0&#8243; force_width_grid=&#8220;yes&#8220; back_color=&#8220;accent&#8220; overlay_alpha=&#8220;50&#8243; gutter_size=&#8220;3&#8243; shift_y=&#8220;0&#8243; z_index=&#8220;0&#8243; uncode_shortcode_id=&#8220;195811&#8243; back_color_type=&#8220;uncode-palette&#8220;][vc_column_inner column_width_percent=&#8220;100&#8243; gutter_size=&#8220;3&#8243; override_padding=&#8220;yes&#8220; column_padding=&#8220;0&#8243; style=&#8220;dark&#8220; overlay_alpha=&#8220;50&#8243; shift_x=&#8220;0&#8243; shift_y=&#8220;0&#8243; shift_y_down=&#8220;0&#8243; z_index=&#8220;0&#8243; medium_width=&#8220;0&#8243; mobile_width=&#8220;0&#8243; width=&#8220;1\/1&#8243; uncode_shortcode_id=&#8220;633737&#8243;][vc_column_text text_lead=&#8220;small&#8220; uncode_shortcode_id=&#8220;102888&#8243; css=&#8220;.vc_custom_1739787469485{padding-top: 14px !important;padding-right: 20px !important;padding-bottom: 14px !important;padding-left: 20px !important;}&#8220;]<\/p>\n<h5>SAMSTAG<br \/>\n20. September 2025<\/h5>\n<p>[\/vc_column_text][\/vc_column_inner][\/vc_row_inner][vc_column_text text_lead=&#8220;small&#8220; uncode_shortcode_id=&#8220;194025&#8243; el_class=&#8220;list-small&#8220; css=&#8220;.vc_custom_1742397807787{margin-top: 0px !important;padding-top: 20px !important;padding-right: 20px !important;padding-bottom: 20px !important;padding-left: 20px !important;}&#8220;]<\/p>\n<ul>\n<li>Rallye-Tag #4<br \/>\nAlle Rallye-Fahrzeuge ausgestellt in Port d\u2018Andratx<\/li>\n<li>Publikums-Tag in Port d\u2018Andratx<\/li>\n<li>Vorstellung und Siegerehrung der Rallye-Fahrzeuge<\/li>\n<li>Vorstellung und Siegerehrung Concours-Fahrzeuge<\/li>\n<li>ICONS-All-Guest-Hospitality und Boat-Experiences (kleine Drinks und Snacks kostenlos \u2013 Komplett-Catering erfordert zus\u00e4tzliche Buchung)<\/li>\n<\/ul>\n<p>[\/vc_column_text][\/vc_column][\/vc_row][vc_row row_height_percent=&#8220;0&#8243; override_padding=&#8220;yes&#8220; h_padding=&#8220;2&#8243; top_padding=&#8220;0&#8243; bottom_padding=&#8220;2&#8243; overlay_alpha=&#8220;50&#8243; gutter_size=&#8220;3&#8243; column_width_percent=&#8220;100&#8243; shift_y=&#8220;0&#8243; z_index=&#8220;0&#8243; uncode_shortcode_id=&#8220;351968&#8243;][vc_column column_width_percent=&#8220;100&#8243; align_horizontal=&#8220;align_center&#8220; gutter_size=&#8220;3&#8243; overlay_alpha=&#8220;50&#8243; shift_x=&#8220;0&#8243; shift_y=&#8220;0&#8243; shift_y_down=&#8220;0&#8243; z_index=&#8220;0&#8243; medium_width=&#8220;0&#8243; mobile_width=&#8220;0&#8243; hcbrwpb_visible_for_roles=&#8220;administrator&#8220; width=&#8220;1\/1&#8243; uncode_shortcode_id=&#8220;319962&#8243;][vc_column_text text_lead=&#8220;small&#8220; uncode_shortcode_id=&#8220;103600&#8243;]*Stand: 18. M\u00e4rz 2025<br \/>\nDetailliertes Programm mit genauen Zeiten folgt \/ Hotelbuchungen nicht inkludiert[\/vc_column_text][vc_empty_space empty_h=&#8220;4&#8243;][\/vc_column][\/vc_row][vc_row][vc_column width=&#8220;1\/1&#8243;][uncode_block id=&#8220;1014&#8243;][\/vc_column][\/vc_row]<\/p>\n<\/div>","protected":false},"excerpt":{"rendered":"<p>[vc_row row_height_percent=&#8220;0&#8243; overlay_alpha=&#8220;50&#8243; gutter_size=&#8220;3&#8243; column_width_percent=&#8220;100&#8243; shift_y=&#8220;0&#8243; z_index=&#8220;0&#8243; uncode_shortcode_id=&#8220;208091&#8243;][vc_column column_width_percent=&#8220;100&#8243; align_horizontal=&#8220;align_center&#8220; gutter_size=&#8220;3&#8243; overlay_alpha=&#8220;50&#8243; shift_x=&#8220;0&#8243; shift_y=&#8220;0&#8243; shift_y_down=&#8220;0&#8243; z_index=&#8220;0&#8243; medium_width=&#8220;0&#8243; mobile_width=&#8220;0&#8243; width=&#8220;1\/1&#8243; uncode_shortcode_id=&#8220;106961&#8243;][vc_empty_space [&hellip;]<\/p>\n","protected":false},"author":1,"featured_media":0,"parent":2046,"menu_order":0,"comment_status":"closed","ping_status":"closed","template":"","meta":{"footnotes":""},"class_list":["post-2124","page","type-page","status-publish","hentry"],"yoast_head":"<!-- This site is optimized with the Yoast SEO plugin v27.1.1 - https:\/\/yoast.com\/product\/yoast-seo-wordpress\/ -->\n<title>Supercar Stage - ICONS Mallorca<\/title>\n<meta name=\"robots\" content=\"index, follow, max-snippet:-1, max-image-preview:large, max-video-preview:-1\" \/>\n<link rel=\"canonical\" href=\"https:\/\/www.iconsmallorca.com\/de\/teilnehmer\/supercar-stage\/\" \/>\n<meta property=\"og:locale\" content=\"de_DE\" \/>\n<meta property=\"og:type\" content=\"article\" \/>\n<meta property=\"og:title\" content=\"Supercar Stage - ICONS Mallorca\" \/>\n<meta property=\"og:description\" content=\"[vc_row row_height_percent=&#8220;0&#8243; overlay_alpha=&#8220;50&#8243; gutter_size=&#8220;3&#8243; column_width_percent=&#8220;100&#8243; shift_y=&#8220;0&#8243; z_index=&#8220;0&#8243; uncode_shortcode_id=&#8220;208091&#8243;][vc_column column_width_percent=&#8220;100&#8243; align_horizontal=&#8220;align_center&#8220; gutter_size=&#8220;3&#8243; overlay_alpha=&#8220;50&#8243; shift_x=&#8220;0&#8243; shift_y=&#8220;0&#8243; shift_y_down=&#8220;0&#8243; z_index=&#8220;0&#8243; medium_width=&#8220;0&#8243; mobile_width=&#8220;0&#8243; width=&#8220;1\/1&#8243; uncode_shortcode_id=&#8220;106961&#8243;][vc_empty_space [&hellip;]\" \/>\n<meta property=\"og:url\" content=\"https:\/\/www.iconsmallorca.com\/de\/teilnehmer\/supercar-stage\/\" \/>\n<meta property=\"og:site_name\" content=\"ICONS Mallorca\" \/>\n<meta property=\"article:publisher\" content=\"https:\/\/www.facebook.com\/people\/ICONS-Mallorca\/61556210574876\/\" \/>\n<meta property=\"article:modified_time\" content=\"2026-02-04T15:27:51+00:00\" \/>\n<meta property=\"og:image\" content=\"https:\/\/www.iconsmallorca.com\/wp-content\/uploads\/2024\/05\/icons-seo-fallback.jpg\" \/>\n\t<meta property=\"og:image:width\" content=\"1170\" \/>\n\t<meta property=\"og:image:height\" content=\"664\" \/>\n\t<meta property=\"og:image:type\" content=\"image\/jpeg\" \/>\n<meta name=\"twitter:card\" content=\"summary_large_image\" \/>\n<meta name=\"twitter:label1\" content=\"Gesch\u00e4tzte Lesezeit\" \/>\n\t<meta name=\"twitter:data1\" content=\"11\u00a0Minuten\" \/>\n<script type=\"application\/ld+json\" class=\"yoast-schema-graph\">{\"@context\":\"https:\/\/schema.org\",\"@graph\":[{\"@type\":\"WebPage\",\"@id\":\"https:\/\/www.iconsmallorca.com\/de\/teilnehmer\/supercar-stage\/\",\"url\":\"https:\/\/www.iconsmallorca.com\/de\/teilnehmer\/supercar-stage\/\",\"name\":\"Supercar Stage - ICONS Mallorca\",\"isPartOf\":{\"@id\":\"https:\/\/www.iconsmallorca.com\/de\/#website\"},\"datePublished\":\"2024-02-01T14:52:51+00:00\",\"dateModified\":\"2026-02-04T15:27:51+00:00\",\"breadcrumb\":{\"@id\":\"https:\/\/www.iconsmallorca.com\/de\/teilnehmer\/supercar-stage\/#breadcrumb\"},\"inLanguage\":\"de\",\"potentialAction\":[{\"@type\":\"ReadAction\",\"target\":[\"https:\/\/www.iconsmallorca.com\/de\/teilnehmer\/supercar-stage\/\"]}]},{\"@type\":\"BreadcrumbList\",\"@id\":\"https:\/\/www.iconsmallorca.com\/de\/teilnehmer\/supercar-stage\/#breadcrumb\",\"itemListElement\":[{\"@type\":\"ListItem\",\"position\":1,\"name\":\"Teilnahme\",\"item\":\"https:\/\/www.iconsmallorca.com\/de\/teilnehmer\/\"},{\"@type\":\"ListItem\",\"position\":2,\"name\":\"Supercar Stage\"}]},{\"@type\":\"WebSite\",\"@id\":\"https:\/\/www.iconsmallorca.com\/de\/#website\",\"url\":\"https:\/\/www.iconsmallorca.com\/de\/\",\"name\":\"ICONS Mallorca\",\"description\":\"Mobility Week for Good\",\"publisher\":{\"@id\":\"https:\/\/www.iconsmallorca.com\/de\/#organization\"},\"potentialAction\":[{\"@type\":\"SearchAction\",\"target\":{\"@type\":\"EntryPoint\",\"urlTemplate\":\"https:\/\/www.iconsmallorca.com\/de\/?s={search_term_string}\"},\"query-input\":{\"@type\":\"PropertyValueSpecification\",\"valueRequired\":true,\"valueName\":\"search_term_string\"}}],\"inLanguage\":\"de\"},{\"@type\":\"Organization\",\"@id\":\"https:\/\/www.iconsmallorca.com\/de\/#organization\",\"name\":\"ICONS Mallorca\",\"url\":\"https:\/\/www.iconsmallorca.com\/de\/\",\"logo\":{\"@type\":\"ImageObject\",\"inLanguage\":\"de\",\"@id\":\"https:\/\/www.iconsmallorca.com\/de\/#\/schema\/logo\/image\/\",\"url\":\"https:\/\/www.iconsmallorca.com\/wp-content\/uploads\/2024\/01\/home-logo-lightmode.png\",\"contentUrl\":\"https:\/\/www.iconsmallorca.com\/wp-content\/uploads\/2024\/01\/home-logo-lightmode.png\",\"width\":836,\"height\":599,\"caption\":\"ICONS Mallorca\"},\"image\":{\"@id\":\"https:\/\/www.iconsmallorca.com\/de\/#\/schema\/logo\/image\/\"},\"sameAs\":[\"https:\/\/www.facebook.com\/people\/ICONS-Mallorca\/61556210574876\/\",\"https:\/\/www.instagram.com\/icons.mallorca\/\",\"https:\/\/www.youtube.com\/@iconsmallorca\"]}]}<\/script>\n<!-- \/ Yoast SEO plugin. -->","yoast_head_json":{"title":"Supercar Stage - ICONS Mallorca","robots":{"index":"index","follow":"follow","max-snippet":"max-snippet:-1","max-image-preview":"max-image-preview:large","max-video-preview":"max-video-preview:-1"},"canonical":"https:\/\/www.iconsmallorca.com\/de\/teilnehmer\/supercar-stage\/","og_locale":"de_DE","og_type":"article","og_title":"Supercar Stage - ICONS Mallorca","og_description":"[vc_row row_height_percent=&#8220;0&#8243; overlay_alpha=&#8220;50&#8243; gutter_size=&#8220;3&#8243; column_width_percent=&#8220;100&#8243; shift_y=&#8220;0&#8243; z_index=&#8220;0&#8243; uncode_shortcode_id=&#8220;208091&#8243;][vc_column column_width_percent=&#8220;100&#8243; align_horizontal=&#8220;align_center&#8220; gutter_size=&#8220;3&#8243; overlay_alpha=&#8220;50&#8243; shift_x=&#8220;0&#8243; shift_y=&#8220;0&#8243; shift_y_down=&#8220;0&#8243; z_index=&#8220;0&#8243; medium_width=&#8220;0&#8243; mobile_width=&#8220;0&#8243; width=&#8220;1\/1&#8243; uncode_shortcode_id=&#8220;106961&#8243;][vc_empty_space [&hellip;]","og_url":"https:\/\/www.iconsmallorca.com\/de\/teilnehmer\/supercar-stage\/","og_site_name":"ICONS Mallorca","article_publisher":"https:\/\/www.facebook.com\/people\/ICONS-Mallorca\/61556210574876\/","article_modified_time":"2026-02-04T15:27:51+00:00","og_image":[{"width":1170,"height":664,"url":"https:\/\/www.iconsmallorca.com\/wp-content\/uploads\/2024\/05\/icons-seo-fallback.jpg","type":"image\/jpeg"}],"twitter_card":"summary_large_image","twitter_misc":{"Gesch\u00e4tzte Lesezeit":"11\u00a0Minuten"},"schema":{"@context":"https:\/\/schema.org","@graph":[{"@type":"WebPage","@id":"https:\/\/www.iconsmallorca.com\/de\/teilnehmer\/supercar-stage\/","url":"https:\/\/www.iconsmallorca.com\/de\/teilnehmer\/supercar-stage\/","name":"Supercar Stage - ICONS Mallorca","isPartOf":{"@id":"https:\/\/www.iconsmallorca.com\/de\/#website"},"datePublished":"2024-02-01T14:52:51+00:00","dateModified":"2026-02-04T15:27:51+00:00","breadcrumb":{"@id":"https:\/\/www.iconsmallorca.com\/de\/teilnehmer\/supercar-stage\/#breadcrumb"},"inLanguage":"de","potentialAction":[{"@type":"ReadAction","target":["https:\/\/www.iconsmallorca.com\/de\/teilnehmer\/supercar-stage\/"]}]},{"@type":"BreadcrumbList","@id":"https:\/\/www.iconsmallorca.com\/de\/teilnehmer\/supercar-stage\/#breadcrumb","itemListElement":[{"@type":"ListItem","position":1,"name":"Teilnahme","item":"https:\/\/www.iconsmallorca.com\/de\/teilnehmer\/"},{"@type":"ListItem","position":2,"name":"Supercar Stage"}]},{"@type":"WebSite","@id":"https:\/\/www.iconsmallorca.com\/de\/#website","url":"https:\/\/www.iconsmallorca.com\/de\/","name":"ICONS Mallorca","description":"Mobility Week for Good","publisher":{"@id":"https:\/\/www.iconsmallorca.com\/de\/#organization"},"potentialAction":[{"@type":"SearchAction","target":{"@type":"EntryPoint","urlTemplate":"https:\/\/www.iconsmallorca.com\/de\/?s={search_term_string}"},"query-input":{"@type":"PropertyValueSpecification","valueRequired":true,"valueName":"search_term_string"}}],"inLanguage":"de"},{"@type":"Organization","@id":"https:\/\/www.iconsmallorca.com\/de\/#organization","name":"ICONS Mallorca","url":"https:\/\/www.iconsmallorca.com\/de\/","logo":{"@type":"ImageObject","inLanguage":"de","@id":"https:\/\/www.iconsmallorca.com\/de\/#\/schema\/logo\/image\/","url":"https:\/\/www.iconsmallorca.com\/wp-content\/uploads\/2024\/01\/home-logo-lightmode.png","contentUrl":"https:\/\/www.iconsmallorca.com\/wp-content\/uploads\/2024\/01\/home-logo-lightmode.png","width":836,"height":599,"caption":"ICONS Mallorca"},"image":{"@id":"https:\/\/www.iconsmallorca.com\/de\/#\/schema\/logo\/image\/"},"sameAs":["https:\/\/www.facebook.com\/people\/ICONS-Mallorca\/61556210574876\/","https:\/\/www.instagram.com\/icons.mallorca\/","https:\/\/www.youtube.com\/@iconsmallorca"]}]}},"_links":{"self":[{"href":"https:\/\/www.iconsmallorca.com\/de\/wp-json\/wp\/v2\/pages\/2124","targetHints":{"allow":["GET"]}}],"collection":[{"href":"https:\/\/www.iconsmallorca.com\/de\/wp-json\/wp\/v2\/pages"}],"about":[{"href":"https:\/\/www.iconsmallorca.com\/de\/wp-json\/wp\/v2\/types\/page"}],"author":[{"embeddable":true,"href":"https:\/\/www.iconsmallorca.com\/de\/wp-json\/wp\/v2\/users\/1"}],"replies":[{"embeddable":true,"href":"https:\/\/www.iconsmallorca.com\/de\/wp-json\/wp\/v2\/comments?post=2124"}],"version-history":[{"count":53,"href":"https:\/\/www.iconsmallorca.com\/de\/wp-json\/wp\/v2\/pages\/2124\/revisions"}],"predecessor-version":[{"id":7551,"href":"https:\/\/www.iconsmallorca.com\/de\/wp-json\/wp\/v2\/pages\/2124\/revisions\/7551"}],"up":[{"embeddable":true,"href":"https:\/\/www.iconsmallorca.com\/de\/wp-json\/wp\/v2\/pages\/2046"}],"wp:attachment":[{"href":"https:\/\/www.iconsmallorca.com\/de\/wp-json\/wp\/v2\/media?parent=2124"}],"curies":[{"name":"wp","href":"https:\/\/api.w.org\/{rel}","templated":true}]}}