{"id":2078,"date":"2024-02-23T17:33:38","date_gmt":"2024-02-23T16:33:38","guid":{"rendered":"https:\/\/www.iconsmallorca.com\/impressum\/"},"modified":"2025-09-16T09:22:29","modified_gmt":"2025-09-16T07:22:29","slug":"impressum","status":"publish","type":"page","link":"https:\/\/www.iconsmallorca.com\/de\/impressum\/","title":{"rendered":"Impressum"},"content":{"rendered":"<div class=\"wpb-content-wrapper\"><p>[vc_row][vc_column width=&#8220;1\/1&#8243;][vc_row_inner][vc_column_inner width=&#8220;1\/1&#8243;][vc_empty_space][vc_custom_heading uncode_shortcode_id=&#8220;890133&#8243;]Impressum[\/vc_custom_heading][vc_column_text uncode_shortcode_id=&#8220;329612&#8243;]<\/p>\n<p style=\"font-weight: 400;\">\u201eICONS Mallorca \u2013 Celebration of Speed &amp; Style\u201c<\/p>\n<p style=\"font-weight: 400;\">ICONS Activities S.L.<br \/>\nc\/o Illeslex Abogados<br \/>\nC. Olmos 50, escalera A, 1\u00ba<br \/>\n07003 Palma de Mallorca<br \/>\nIlles Balears, Spain<\/p>\n<p>VAT: ESB19995554<\/p>\n<p>Teilnehmer-B\u00fcro:<br \/>\nTelefon: +49 (0) 2182 89 49 526<br \/>\nMobil: +49 (0) 172 583 63 06<\/p>\n<p style=\"font-weight: 400;\">F\u00fcr Fragen zur Veranstaltung:<br \/>\nE-Mail: office@iconsmallorca.com<br \/>\nHomepage: www.iconsmallorca.com<\/p>\n<p style=\"font-weight: 400;\">Gesch\u00e4ftsf\u00fchrer: Marcus Herfort<\/p>\n<p style=\"font-weight: 400;\">Internet project management \/ responsible for content according to \u00a710 paragraph 3 MDStV:<br \/>\nMarcus Herfort<br \/>\nBr\u00fcckenstrasse 33<br \/>\n41363 J\u00fcchen \/ Germany<\/p>\n<p style=\"font-weight: 400;\">Design &amp; Administration:<br \/>\nICONS Activities S.L.<br \/>\nc\/o Illeslex Abogados<br \/>\nC. Olmos 50, escalera A, 1\u00ba<br \/>\n07003 Palma de Mallorca<br \/>\nIlles Balears, Spain<\/p>\n<p>&nbsp;<\/p>\n<h3 style=\"font-weight: 400;\">Haftungshinweis:<\/h3>\n<p style=\"font-weight: 400;\">Die ICONS Activities S.L. ist als Diensteanbieter nach \u00a7 3 Nr.1, \u00a7 8 (1) des Teledienstegesetzes (TDG) (Stand 14.12.2001) f\u00fcr eigene Informationen, die zur Nutzung bereitgehalten werden, nach den allgemeinen Gesetzen verantwortlich.<\/p>\n<p style=\"font-weight: 400;\">Von diesen eigenen Inhalten sind Querverweise (&#8222;Links&#8220;) auf die von anderen Anbietern bereitgehaltenen Inhalte zu unterscheiden. Bei den \u00fcber &#8222;Links&#8220; \u00fcbermittelten oder gespeicherten Inhalten anderer Anbieter handelt es sich um fremde Informationen und nicht um eigene Inhalte von ICONS Activities S.L. Bei &#8222;Links&#8220; handelt es sich jedoch immer um &#8222;lebende&#8220; (dynamische) Verweise. ICONS Activities S.L. hat bei der erstmaligen Verkn\u00fcpfung zwar den fremden Inhalt daraufhin \u00fcberpr\u00fcft, ob durch ihn eine m\u00f6gliche zivilrechtliche oder strafrechtliche Verantwortlichkeit ausgel\u00f6st wird. Nach dem TDG ist die ICONS Activities S.L. als Diensteanbieter jedoch nicht verpflichtet, die von ihr \u00fcbermittelten oder gespeicherten fremden Informationen zu \u00fcberwachen oder nach Umst\u00e4nden zu forschen, die auf eine rechtswidrige T\u00e4tigkeit hinweisen (\u00a7 8 Abs. 2 TDG). Erst wenn festgestellt oder von anderen darauf hingewiesen wird, dass ein konkretes Angebot, zu dem ein Link bereitgestellt wurde, eine zivil- oder strafrechtliche Verantwortlichkeit ausl\u00f6st, wird der Verweis auf dieses Angebot aufgehoben. Im Einzelnen regelt das TDG die Haftung des Diensteanbieters wie folgt:<\/p>\n<p style=\"font-weight: 400;\">ICONS Activities S.L. ist nicht verantwortlich f\u00fcr die \u00dcbertragung von externen Informationen, wenn ICONS Activities S.L.<\/p>\n<ol>\n<li style=\"font-weight: 400;\">dies nicht initiiert hat,<\/li>\n<li style=\"font-weight: 400;\">die Adressdaten der \u00fcbermittelten Informationen nicht ausgew\u00e4hlt hat und<\/li>\n<li style=\"font-weight: 400;\">die \u00fcbermittelten Informationen nicht ausgew\u00e4hlt oder ver\u00e4ndert hat (\u00a7 9(1) TDG)<\/li>\n<\/ol>\n<p style=\"font-weight: 400;\">ICONS Activities S.L. ist nicht verantwortlich f\u00fcr die automatische, vor\u00fcbergehende Zwischenspeicherung von Informationen Dritter, wenn diese<\/p>\n<ol>\n<li style=\"font-weight: 400;\">die Informationen nicht \u00e4ndert,<\/li>\n<li style=\"font-weight: 400;\">die Bedingungen f\u00fcr den Zugang zu den Informationen einh\u00e4lt,<\/li>\n<li style=\"font-weight: 400;\">die Regeln f\u00fcr die Aktualisierung der Informationen einh\u00e4lt, die in weithin anerkannten und verwendeten Industriestandards festgelegt sind,<\/li>\n<li style=\"font-weight: 400;\">nicht mit dem zul\u00e4ssigen Einsatz von Technologien zur Erfassung von Daten \u00fcber die Nutzung der Informationen gem\u00e4\u00df weithin anerkannten und verwendeten Industriestandards kollidiert; und<\/li>\n<li style=\"font-weight: 400;\">unverz\u00fcglich t\u00e4tig wird, um gespeicherte Informationen zu entfernen oder den Zugang zu ihnen zu sperren, sobald sie Kenntnis davon erlangt, dass die Informationen am urspr\u00fcnglichen \u00dcbermittlungsort aus dem Netz entfernt worden sind oder der Zugang zu ihnen gesperrt wurde oder ein Gericht oder eine Verwaltungsbeh\u00f6rde die Entfernung oder Sperrung angeordnet hat (\u00a7 10 TDG).<\/li>\n<\/ol>\n<p style=\"font-weight: 400;\">ICONS Activities S.L. ist nicht verantwortlich f\u00fcr Informationen Dritter, die sie f\u00fcr einen Nutzer speichert, vorausgesetzt, dass sie<\/p>\n<ol>\n<li style=\"font-weight: 400;\">keine Kenntnis von der rechtswidrigen Handlung oder Information hat und im Falle von Schadensersatzanspr\u00fcchen keine Kenntnis von Tatsachen oder Umst\u00e4nden hat, aus denen sich die rechtswidrige Handlung oder Information ergibt, oder<\/li>\n<li style=\"font-weight: 400;\">unverz\u00fcglich t\u00e4tig geworden ist, um die Information zu entfernen oder den Zugang zu ihr zu sperren, sobald sie davon Kenntnis erlangt hat (\u00a7 11 TDG).<\/li>\n<\/ol>\n<p>&nbsp;<\/p>\n<p>Bildnachweise<\/p>\n<p>Quellen f\u00fcr die verwendeten Bilder und Videografiken von <a href=\"https:\/\/www.shutterstock.com\" target=\"_blank\" rel=\"noopener\">www.shutterstock.com<\/a>[\/vc_column_text][vc_empty_space empty_h=&#8220;2&#8243;][\/vc_column_inner][\/vc_row_inner][\/vc_column][\/vc_row]<\/p>\n<\/div>","protected":false},"excerpt":{"rendered":"<p>[vc_row][vc_column width=&#8220;1\/1&#8243;][vc_row_inner][vc_column_inner width=&#8220;1\/1&#8243;][vc_empty_space][vc_custom_heading uncode_shortcode_id=&#8220;890133&#8243;]Impressum[\/vc_custom_heading][vc_column_text uncode_shortcode_id=&#8220;329612&#8243;] \u201eICONS Mallorca \u2013 Celebration of Speed &amp; Style\u201c ICONS Activities S.L. c\/o Illeslex Abogados C. [&hellip;]<\/p>\n","protected":false},"author":1,"featured_media":0,"parent":0,"menu_order":0,"comment_status":"closed","ping_status":"closed","template":"","meta":{"footnotes":""},"class_list":["post-2078","page","type-page","status-publish","hentry"],"yoast_head":"<!-- This site is optimized with the Yoast SEO plugin v27.1.1 - https:\/\/yoast.com\/product\/yoast-seo-wordpress\/ -->\n<title>Impressum - ICONS Mallorca<\/title>\n<meta name=\"robots\" content=\"index, follow, max-snippet:-1, max-image-preview:large, max-video-preview:-1\" \/>\n<link rel=\"canonical\" href=\"https:\/\/www.iconsmallorca.com\/de\/impressum\/\" \/>\n<meta property=\"og:locale\" content=\"de_DE\" \/>\n<meta property=\"og:type\" content=\"article\" \/>\n<meta property=\"og:title\" content=\"Impressum - ICONS Mallorca\" \/>\n<meta property=\"og:description\" content=\"[vc_row][vc_column width=&#8220;1\/1&#8243;][vc_row_inner][vc_column_inner width=&#8220;1\/1&#8243;][vc_empty_space][vc_custom_heading uncode_shortcode_id=&#8220;890133&#8243;]Impressum[\/vc_custom_heading][vc_column_text uncode_shortcode_id=&#8220;329612&#8243;] \u201eICONS Mallorca \u2013 Celebration of Speed &amp; Style\u201c ICONS Activities S.L. c\/o Illeslex Abogados C. [&hellip;]\" \/>\n<meta property=\"og:url\" content=\"https:\/\/www.iconsmallorca.com\/de\/impressum\/\" \/>\n<meta property=\"og:site_name\" content=\"ICONS Mallorca\" \/>\n<meta property=\"article:publisher\" content=\"https:\/\/www.facebook.com\/people\/ICONS-Mallorca\/61556210574876\/\" \/>\n<meta property=\"article:modified_time\" content=\"2025-09-16T07:22:29+00:00\" \/>\n<meta property=\"og:image\" content=\"https:\/\/www.iconsmallorca.com\/wp-content\/uploads\/2024\/05\/icons-seo-fallback.jpg\" \/>\n\t<meta property=\"og:image:width\" content=\"1170\" \/>\n\t<meta property=\"og:image:height\" content=\"664\" \/>\n\t<meta property=\"og:image:type\" content=\"image\/jpeg\" \/>\n<meta name=\"twitter:card\" content=\"summary_large_image\" \/>\n<meta name=\"twitter:label1\" content=\"Gesch\u00e4tzte Lesezeit\" \/>\n\t<meta name=\"twitter:data1\" content=\"3\u00a0Minuten\" \/>\n<script type=\"application\/ld+json\" class=\"yoast-schema-graph\">{\"@context\":\"https:\/\/schema.org\",\"@graph\":[{\"@type\":\"WebPage\",\"@id\":\"https:\/\/www.iconsmallorca.com\/de\/impressum\/\",\"url\":\"https:\/\/www.iconsmallorca.com\/de\/impressum\/\",\"name\":\"Impressum - ICONS Mallorca\",\"isPartOf\":{\"@id\":\"https:\/\/www.iconsmallorca.com\/de\/#website\"},\"datePublished\":\"2024-02-23T16:33:38+00:00\",\"dateModified\":\"2025-09-16T07:22:29+00:00\",\"inLanguage\":\"de\",\"potentialAction\":[{\"@type\":\"ReadAction\",\"target\":[\"https:\/\/www.iconsmallorca.com\/de\/impressum\/\"]}]},{\"@type\":\"WebSite\",\"@id\":\"https:\/\/www.iconsmallorca.com\/de\/#website\",\"url\":\"https:\/\/www.iconsmallorca.com\/de\/\",\"name\":\"ICONS Mallorca\",\"description\":\"Mobility Week for Good\",\"publisher\":{\"@id\":\"https:\/\/www.iconsmallorca.com\/de\/#organization\"},\"potentialAction\":[{\"@type\":\"SearchAction\",\"target\":{\"@type\":\"EntryPoint\",\"urlTemplate\":\"https:\/\/www.iconsmallorca.com\/de\/?s={search_term_string}\"},\"query-input\":{\"@type\":\"PropertyValueSpecification\",\"valueRequired\":true,\"valueName\":\"search_term_string\"}}],\"inLanguage\":\"de\"},{\"@type\":\"Organization\",\"@id\":\"https:\/\/www.iconsmallorca.com\/de\/#organization\",\"name\":\"ICONS Mallorca\",\"url\":\"https:\/\/www.iconsmallorca.com\/de\/\",\"logo\":{\"@type\":\"ImageObject\",\"inLanguage\":\"de\",\"@id\":\"https:\/\/www.iconsmallorca.com\/de\/#\/schema\/logo\/image\/\",\"url\":\"https:\/\/www.iconsmallorca.com\/wp-content\/uploads\/2024\/01\/home-logo-lightmode.png\",\"contentUrl\":\"https:\/\/www.iconsmallorca.com\/wp-content\/uploads\/2024\/01\/home-logo-lightmode.png\",\"width\":836,\"height\":599,\"caption\":\"ICONS Mallorca\"},\"image\":{\"@id\":\"https:\/\/www.iconsmallorca.com\/de\/#\/schema\/logo\/image\/\"},\"sameAs\":[\"https:\/\/www.facebook.com\/people\/ICONS-Mallorca\/61556210574876\/\",\"https:\/\/www.instagram.com\/icons.mallorca\/\",\"https:\/\/www.youtube.com\/@iconsmallorca\"]}]}<\/script>\n<!-- \/ Yoast SEO plugin. -->","yoast_head_json":{"title":"Impressum - ICONS Mallorca","robots":{"index":"index","follow":"follow","max-snippet":"max-snippet:-1","max-image-preview":"max-image-preview:large","max-video-preview":"max-video-preview:-1"},"canonical":"https:\/\/www.iconsmallorca.com\/de\/impressum\/","og_locale":"de_DE","og_type":"article","og_title":"Impressum - ICONS Mallorca","og_description":"[vc_row][vc_column width=&#8220;1\/1&#8243;][vc_row_inner][vc_column_inner width=&#8220;1\/1&#8243;][vc_empty_space][vc_custom_heading uncode_shortcode_id=&#8220;890133&#8243;]Impressum[\/vc_custom_heading][vc_column_text uncode_shortcode_id=&#8220;329612&#8243;] \u201eICONS Mallorca \u2013 Celebration of Speed &amp; Style\u201c ICONS Activities S.L. c\/o Illeslex Abogados C. [&hellip;]","og_url":"https:\/\/www.iconsmallorca.com\/de\/impressum\/","og_site_name":"ICONS Mallorca","article_publisher":"https:\/\/www.facebook.com\/people\/ICONS-Mallorca\/61556210574876\/","article_modified_time":"2025-09-16T07:22:29+00:00","og_image":[{"width":1170,"height":664,"url":"https:\/\/www.iconsmallorca.com\/wp-content\/uploads\/2024\/05\/icons-seo-fallback.jpg","type":"image\/jpeg"}],"twitter_card":"summary_large_image","twitter_misc":{"Gesch\u00e4tzte Lesezeit":"3\u00a0Minuten"},"schema":{"@context":"https:\/\/schema.org","@graph":[{"@type":"WebPage","@id":"https:\/\/www.iconsmallorca.com\/de\/impressum\/","url":"https:\/\/www.iconsmallorca.com\/de\/impressum\/","name":"Impressum - ICONS Mallorca","isPartOf":{"@id":"https:\/\/www.iconsmallorca.com\/de\/#website"},"datePublished":"2024-02-23T16:33:38+00:00","dateModified":"2025-09-16T07:22:29+00:00","inLanguage":"de","potentialAction":[{"@type":"ReadAction","target":["https:\/\/www.iconsmallorca.com\/de\/impressum\/"]}]},{"@type":"WebSite","@id":"https:\/\/www.iconsmallorca.com\/de\/#website","url":"https:\/\/www.iconsmallorca.com\/de\/","name":"ICONS Mallorca","description":"Mobility Week for Good","publisher":{"@id":"https:\/\/www.iconsmallorca.com\/de\/#organization"},"potentialAction":[{"@type":"SearchAction","target":{"@type":"EntryPoint","urlTemplate":"https:\/\/www.iconsmallorca.com\/de\/?s={search_term_string}"},"query-input":{"@type":"PropertyValueSpecification","valueRequired":true,"valueName":"search_term_string"}}],"inLanguage":"de"},{"@type":"Organization","@id":"https:\/\/www.iconsmallorca.com\/de\/#organization","name":"ICONS Mallorca","url":"https:\/\/www.iconsmallorca.com\/de\/","logo":{"@type":"ImageObject","inLanguage":"de","@id":"https:\/\/www.iconsmallorca.com\/de\/#\/schema\/logo\/image\/","url":"https:\/\/www.iconsmallorca.com\/wp-content\/uploads\/2024\/01\/home-logo-lightmode.png","contentUrl":"https:\/\/www.iconsmallorca.com\/wp-content\/uploads\/2024\/01\/home-logo-lightmode.png","width":836,"height":599,"caption":"ICONS Mallorca"},"image":{"@id":"https:\/\/www.iconsmallorca.com\/de\/#\/schema\/logo\/image\/"},"sameAs":["https:\/\/www.facebook.com\/people\/ICONS-Mallorca\/61556210574876\/","https:\/\/www.instagram.com\/icons.mallorca\/","https:\/\/www.youtube.com\/@iconsmallorca"]}]}},"_links":{"self":[{"href":"https:\/\/www.iconsmallorca.com\/de\/wp-json\/wp\/v2\/pages\/2078","targetHints":{"allow":["GET"]}}],"collection":[{"href":"https:\/\/www.iconsmallorca.com\/de\/wp-json\/wp\/v2\/pages"}],"about":[{"href":"https:\/\/www.iconsmallorca.com\/de\/wp-json\/wp\/v2\/types\/page"}],"author":[{"embeddable":true,"href":"https:\/\/www.iconsmallorca.com\/de\/wp-json\/wp\/v2\/users\/1"}],"replies":[{"embeddable":true,"href":"https:\/\/www.iconsmallorca.com\/de\/wp-json\/wp\/v2\/comments?post=2078"}],"version-history":[{"count":17,"href":"https:\/\/www.iconsmallorca.com\/de\/wp-json\/wp\/v2\/pages\/2078\/revisions"}],"predecessor-version":[{"id":7430,"href":"https:\/\/www.iconsmallorca.com\/de\/wp-json\/wp\/v2\/pages\/2078\/revisions\/7430"}],"wp:attachment":[{"href":"https:\/\/www.iconsmallorca.com\/de\/wp-json\/wp\/v2\/media?parent=2078"}],"curies":[{"name":"wp","href":"https:\/\/api.w.org\/{rel}","templated":true}]}}