{"id":2014,"date":"2024-02-01T15:49:34","date_gmt":"2024-02-01T14:49:34","guid":{"rendered":"https:\/\/www.iconsmallorca.com\/charity\/"},"modified":"2026-02-04T16:18:34","modified_gmt":"2026-02-04T15:18:34","slug":"charity","status":"publish","type":"page","link":"https:\/\/www.iconsmallorca.com\/de\/die-woche\/charity\/","title":{"rendered":"Charity"},"content":{"rendered":"<div class=\"wpb-content-wrapper\"><p>[vc_row row_height_percent=&#8220;0&#8243; overlay_alpha=&#8220;50&#8243; gutter_size=&#8220;3&#8243; column_width_percent=&#8220;100&#8243; shift_y=&#8220;0&#8243; z_index=&#8220;0&#8243; uncode_shortcode_id=&#8220;144284&#8243;][vc_column column_width_percent=&#8220;100&#8243; align_horizontal=&#8220;align_center&#8220; gutter_size=&#8220;3&#8243; overlay_alpha=&#8220;50&#8243; shift_x=&#8220;0&#8243; shift_y=&#8220;0&#8243; shift_y_down=&#8220;0&#8243; z_index=&#8220;0&#8243; medium_width=&#8220;0&#8243; mobile_width=&#8220;0&#8243; width=&#8220;1\/1&#8243; uncode_shortcode_id=&#8220;542569&#8243;][vc_empty_space empty_h=&#8220;1&#8243;][vc_custom_heading uncode_shortcode_id=&#8220;235037&#8243;]Charity[\/vc_custom_heading][vc_empty_space empty_h=&#8220;2&#8243;][vc_row_inner row_inner_height_percent=&#8220;0&#8243; overlay_alpha=&#8220;50&#8243; equal_height=&#8220;yes&#8220; gutter_size=&#8220;3&#8243; shift_y=&#8220;0&#8243; z_index=&#8220;0&#8243; uncode_shortcode_id=&#8220;506816&#8243;][vc_column_inner column_width_percent=&#8220;100&#8243; gutter_size=&#8220;3&#8243; overlay_alpha=&#8220;50&#8243; shift_x=&#8220;0&#8243; shift_y=&#8220;0&#8243; shift_y_down=&#8220;0&#8243; z_index=&#8220;0&#8243; medium_width=&#8220;0&#8243; mobile_width=&#8220;0&#8243; width=&#8220;1\/2&#8243; uncode_shortcode_id=&#8220;179706&#8243; el_class=&#8220;image-card image-card-inverted&#8220;][vc_single_image media=&#8220;5388&#8243; media_width_percent=&#8220;100&#8243; media_ratio=&#8220;four-three&#8220; shadow=&#8220;yes&#8220; shadow_weight=&#8220;lg&#8220; css_animation=&#8220;parallax&#8220; parallax_intensity=&#8220;2&#8243; uncode_shortcode_id=&#8220;138902&#8243; el_class=&#8220;image-z900&#8243;][vc_single_image media=&#8220;1839&#8243; media_width_percent=&#8220;100&#8243; media_ratio=&#8220;four-three&#8220; css_animation=&#8220;parallax&#8220; parallax_intensity=&#8220;4&#8243; uncode_shortcode_id=&#8220;144136&#8243; el_class=&#8220;image-stack-bottom400&#8243;][\/vc_column_inner][vc_column_inner column_width_percent=&#8220;100&#8243; position_vertical=&#8220;middle&#8220; gutter_size=&#8220;3&#8243; overlay_alpha=&#8220;50&#8243; shift_x=&#8220;0&#8243; shift_y=&#8220;0&#8243; shift_y_down=&#8220;0&#8243; z_index=&#8220;0&#8243; medium_width=&#8220;0&#8243; mobile_width=&#8220;0&#8243; width=&#8220;1\/2&#8243; uncode_shortcode_id=&#8220;549929&#8243;][vc_column_text uncode_shortcode_id=&#8220;202856&#8243; css=&#8220;.vc_custom_1738051173586{padding-right: 40px !important;padding-left: 40px !important;}&#8220;]<\/p>\n<h4>Gutes tun<\/h4>\n<p>ICONS verspricht viele Aktivit\u00e4ten, um eine wunderbare Woche auf Mallorca zu genie\u00dfen. Und es gibt auf der Insel und in der Welt vieles, um Gutes zu tun und Charity Organisationen zu unterst\u00fctzen. Von Beginn an stand der Gedanke diejenigen, die Unterst\u00fctzung brauchen, gro\u00dfz\u00fcgig zu unterst\u00fctzen.[\/vc_column_text][\/vc_column_inner][\/vc_row_inner][vc_row_inner row_inner_height_percent=&#8220;0&#8243; overlay_alpha=&#8220;50&#8243; gutter_size=&#8220;3&#8243; shift_y=&#8220;0&#8243; shift_y_fixed=&#8220;yes&#8220; z_index=&#8220;1&#8243; mobile_visibility=&#8220;yes&#8220; uncode_shortcode_id=&#8220;459659&#8243;][vc_column_inner width=&#8220;1\/6&#8243;][\/vc_column_inner][vc_column_inner column_width_percent=&#8220;100&#8243; align_horizontal=&#8220;align_center&#8220; gutter_size=&#8220;3&#8243; overlay_alpha=&#8220;50&#8243; shift_x=&#8220;0&#8243; shift_y=&#8220;0&#8243; shift_y_down=&#8220;0&#8243; z_index=&#8220;0&#8243; medium_width=&#8220;0&#8243; mobile_width=&#8220;0&#8243; width=&#8220;2\/3&#8243; uncode_shortcode_id=&#8220;184166&#8243;][vc_gallery el_id=&#8220;gallery-charity&#8220; type=&#8220;carousel&#8220; medias=&#8220;5406,5400,5397,5412,5409,5394,5403,5391&#8243; carousel_lg=&#8220;1&#8243; carousel_md=&#8220;1&#8243; carousel_sm=&#8220;1&#8243; thumb_size=&#8220;sixteen-nine&#8220; gutter_size=&#8220;3&#8243; media_items=&#8220;media|lightbox|original&#8220; carousel_interval=&#8220;3000&#8243; carousel_navspeed=&#8220;400&#8243; carousel_loop=&#8220;yes&#8220; carousel_overflow=&#8220;yes&#8220; carousel_dots=&#8220;yes&#8220; stage_padding=&#8220;0&#8243; single_overlay_opacity=&#8220;50&#8243; single_overlay_anim=&#8220;no&#8220; single_text_anim=&#8220;no&#8220; single_padding=&#8220;2&#8243; single_shadow=&#8220;yes&#8220; shadow_weight=&#8220;sm&#8220; single_border=&#8220;yes&#8220; lbox_zoom_origin=&#8220;yes&#8220; uncode_shortcode_id=&#8220;180490&#8243;][vc_empty_space empty_h=&#8220;3&#8243;][\/vc_column_inner][vc_column_inner width=&#8220;1\/6&#8243;][\/vc_column_inner][\/vc_row_inner][vc_row_inner row_inner_height_percent=&#8220;0&#8243; overlay_alpha=&#8220;50&#8243; equal_height=&#8220;yes&#8220; gutter_size=&#8220;3&#8243; shift_y=&#8220;0&#8243; z_index=&#8220;0&#8243; inverted_device_order=&#8220;yes&#8220; uncode_shortcode_id=&#8220;137702&#8243;][vc_column_inner column_width_percent=&#8220;100&#8243; align_horizontal=&#8220;align_center&#8220; gutter_size=&#8220;3&#8243; back_color=&#8220;color-xsdn&#8220; back_image=&#8220;1786&#8243; parallax=&#8220;yes&#8220; overlay_color=&#8220;color-xsdn&#8220; overlay_alpha=&#8220;50&#8243; shift_x=&#8220;0&#8243; shift_y=&#8220;0&#8243; shift_y_down=&#8220;0&#8243; z_index=&#8220;0&#8243; medium_width=&#8220;0&#8243; mobile_width=&#8220;0&#8243; width=&#8220;1\/1&#8243; uncode_shortcode_id=&#8220;831020&#8243; css=&#8220;.vc_custom_1709913955719{padding-right: 200px !important;padding-left: 200px !important;}&#8220; back_color_type=&#8220;uncode-palette&#8220; overlay_color_type=&#8220;uncode-palette&#8220;][vc_empty_space empty_h=&#8220;2&#8243;][vc_custom_heading uncode_shortcode_id=&#8220;764566&#8243;]Celebration of Speed &amp; Style[\/vc_custom_heading][vc_column_text uncode_shortcode_id=&#8220;120773&#8243; css=&#8220;.vc_custom_1770217680892{padding-right: 40px !important;padding-left: 40px !important;}&#8220;]<strong>Die ICONS Mallorca sind eine echte Mobilit\u00e4ts-Woche f\u00fcr den guten Zweckd<\/strong><\/p>\n<p>Mit der Motivation, durch ICONS eine einzigartige Oldtimer- und Youngtimer-Veranstaltung zu veranstalten, f\u00fchlen wir uns nicht nur f\u00fcr unsere Natur verantwortlich \u2013 indem wir die ICONS zu einem echten \u201eGreen Event\u201c machen \u2013 wir haben auch eine emotionale Verbindung zu Chariry Organisationen und wollen einen Beitrag zur Gesellschaft leisten.<\/p>\n<p>Lassen Sie uns gemeinsam eine gro\u00dfartige Zeit verbringen, feiern und dabei historische und neue Fahrzeuge und das Thema Mobilit\u00e4t bewundern, aber noch viel wichtiger \u2013 f\u00fcr folgende ausgew\u00e4hlte Charity Organisationen spenden:[\/vc_column_text][vc_column_text uncode_shortcode_id=&#8220;181535&#8243; css=&#8220;.vc_custom_1738054166062{padding-right: 40px !important;padding-left: 40px !important;}&#8220;]<strong>Fundaci\u00f3n Montesi\u00f3n Soludaria (FMS)<\/strong><\/p>\n<p>Der Slogan dieser bedeutenden Hilfsorganisation auf Mallorca lautet: Beherbergen, Sch\u00fctzen, F\u00f6rdern, Integrieren. FMS ist ein Projekt von Food and Solidarity mit dem Ziel, soziale Ungleichheiten zu verringern, der Ausgrenzung eine positive Wendung zur Eingliederung zu geben und somit dazu beizutragen, die Auswirkungen der Armut zu bek\u00e4mpfen, die besonders die \u00e4ltere Generation schwer trifft. FMS ist die Stiftung f\u00fcr Integrale Hilfe von Menschen: Montisi\u00f3n Solidaria, ist eine gemeinn\u00fctzige Einrichtung, die es sich zum Ziel gesetzt hat, sich um die Personen zu k\u00fcmmern, die sich in einer sozial schwachen Situation befinden \u2013 ohne jegliche Diskriminierung und unter voller Achtung ihrer W\u00fcrde.[\/vc_column_text][vc_column_text uncode_shortcode_id=&#8220;968120&#8243; css=&#8220;.vc_custom_1738054600572{padding-right: 40px !important;padding-left: 40px !important;}&#8220;]<strong>Mallorca Sense Fam<\/strong><\/p>\n<p>Mallorca Sense Fam ist seit 2009 im Bereich der sozialen Dienste t\u00e4tig ist. Diese Charity Organisation liefert solidarische Lebensmittelhilfe f\u00fcr Familien und Kinder von 0 bis 24 Monaten. Es gibt Bereiche, die sich um die Bed\u00fcrfnisse der \u00fcber 65-J\u00e4hrigen k\u00fcmmern und Projekte, die den bed\u00fcrftigsten Familien auf Mallorca helfen. Diese Wohlt\u00e4tigkeitsorganisation betreibt auch einen Solidarit\u00e4ts-Laden \u2013 sie ist eine sehr angesehene NGO, die ein wichtiger Teil der mallorquinischen Gesellschaft ist.[\/vc_column_text][vc_column_text uncode_shortcode_id=&#8220;117079&#8243; css=&#8220;.vc_custom_1738054640335{padding-right: 40px !important;padding-left: 40px !important;}&#8220;]<strong>Fundacion RANA<\/strong><\/p>\n<p>RANA ist eine gemeinn\u00fctzige Stiftung Balearic profit, dessen soziale Funktion die Verhinderung von Misshandlung und Missbrauch von Kindern und Jugendlichen sexuellen Beziehungen, durch Sensibilisierungsma\u00dfnahmen, Bildung und Arbeit in rot ist. Aus dem Fundacion RANAs Programm: &#8222;Die Pr\u00e4vention von sexuellem Missbrauch beginnt mit Vermittlung von Wissen und Information an die B\u00fcrger. Wenn es dieses Problem in unserer Gesellschaft immer noch gibt, dann wegen des Schweigens. Wir glauben, dass ein entscheidender Schritt, um dieses Schweigen zu brechen, Sensibilisierungs-Kampagnen, Ausbildung von Fachkr\u00e4ften und Erwachsenen, die f\u00fcr den Schutz von Kindern verantwortlich sind, und Pr\u00e4ventions-Programme sind&#8220;.[\/vc_column_text][vc_column_text uncode_shortcode_id=&#8220;159670&#8243; css=&#8220;.vc_custom_1770217759803{padding-right: 40px !important;padding-left: 40px !important;}&#8220;]<strong>Stiftung herztat<\/strong><\/p>\n<p>Die deutsche Stiftung herztat k\u00fcmmert sich auf der Insel Mallorca um alte deutsche Staatsb\u00fcrger, die nach einer Auswanderung oder im Alter mit Einschr\u00e4nkungen und in wirtschaftlichen Notlagen versorgt werden m\u00fcssen und ggfs. auch nach Deutschland zur\u00fcckgebracht werden m\u00fcssen. Wir freuen uns sehr, dass die deutsche Moderatorin Birgit Schrowange diese Wohlt\u00e4tigkeitsorganisation so tatkr\u00e4ftig unterst\u00fctzt.[\/vc_column_text][vc_column_text uncode_shortcode_id=&#8220;171187&#8243; css=&#8220;.vc_custom_1738054674340{padding-right: 40px !important;padding-left: 40px !important;}&#8220;]<strong>Comida para todos<\/strong><\/p>\n<p>Die Hilfsinitiative wird vom \u201eLions Club Mallorca\u201c getragen und arbeitet eng mit Lebensmittel-Lieferanten und -Produzenten zusammen, um Lebensmittel zu retten und mit einer kleinen Flotte von Sammeltransportern \u00fcber die ganze Insel zu verteilen. Comida para todos hilft bed\u00fcrftigen Familien, sorgt aber auch daf\u00fcr, dass Obdachlose in Palma regelm\u00e4\u00dfige Mahlzeiten erhalten.[\/vc_column_text][vc_empty_space empty_h=&#8220;3&#8243;][vc_column_text uncode_shortcode_id=&#8220;122183&#8243;]<\/p>\n<h4>Das ICONS-Motto \u00fcber all diese Wohlt\u00e4tigkeitsaktivit\u00e4ten und die aktive Unterst\u00fctzung ist:<\/h4>\n<p>[\/vc_column_text][vc_custom_heading uncode_shortcode_id=&#8220;203325&#8243;]Let your light shine out![\/vc_custom_heading][vc_empty_space empty_h=&#8220;3&#8243;][\/vc_column_inner][\/vc_row_inner][vc_empty_space empty_h=&#8220;3&#8243;][vc_row_inner row_inner_height_percent=&#8220;0&#8243; overlay_alpha=&#8220;50&#8243; equal_height=&#8220;yes&#8220; gutter_size=&#8220;3&#8243; shift_y=&#8220;0&#8243; z_index=&#8220;0&#8243; uncode_shortcode_id=&#8220;416843&#8243;][vc_column_inner column_width_percent=&#8220;100&#8243; gutter_size=&#8220;3&#8243; overlay_alpha=&#8220;50&#8243; shift_x=&#8220;0&#8243; shift_y=&#8220;0&#8243; shift_y_down=&#8220;0&#8243; z_index=&#8220;0&#8243; medium_width=&#8220;0&#8243; mobile_width=&#8220;0&#8243; width=&#8220;1\/2&#8243; uncode_shortcode_id=&#8220;572525&#8243; el_class=&#8220;image-card image-card-inverted&#8220;][vc_single_image media=&#8220;5417&#8243; media_width_percent=&#8220;100&#8243; media_ratio=&#8220;four-three&#8220; shadow=&#8220;yes&#8220; shadow_weight=&#8220;lg&#8220; css_animation=&#8220;parallax&#8220; parallax_intensity=&#8220;2&#8243; uncode_shortcode_id=&#8220;187059&#8243; el_class=&#8220;image-z900&#8243;][vc_single_image media=&#8220;1839&#8243; media_width_percent=&#8220;100&#8243; media_ratio=&#8220;four-three&#8220; css_animation=&#8220;parallax&#8220; parallax_intensity=&#8220;4&#8243; uncode_shortcode_id=&#8220;144136&#8243; el_class=&#8220;image-stack-bottom400&#8243;][\/vc_column_inner][vc_column_inner column_width_percent=&#8220;100&#8243; gutter_size=&#8220;3&#8243; overlay_alpha=&#8220;50&#8243; shift_x=&#8220;0&#8243; shift_y=&#8220;0&#8243; shift_y_down=&#8220;0&#8243; z_index=&#8220;0&#8243; medium_width=&#8220;0&#8243; mobile_width=&#8220;0&#8243; width=&#8220;1\/2&#8243; uncode_shortcode_id=&#8220;143482&#8243;][vc_column_text uncode_shortcode_id=&#8220;107387&#8243; css=&#8220;.vc_custom_1770217884020{padding-right: 40px !important;padding-left: 40px !important;}&#8220;]<\/p>\n<h4>Concours-Treffen \u2013 Drei Rallyes \u2013 Beach-Car Treffen \u2013 A Week for Good<\/h4>\n<p>Die ICONS werden die Balearen \u2013 und insbesondere Mallorca \u2013 mit einer ganzen Woche voller Aktivit\u00e4ten w\u00fcrdigen, einem klassischen Concours d\u2019\u00c9l\u00e9gance aber auch mit unvergesslichen Momenten voller neuer und moderner Aspekte rund um Oldtimer- und Sportwagen \u2013 Eine Woche wundervoller Momente und f\u00fcr den Guten Zweck.<\/p>\n<p>Werden Sie Teil einer illustren Gemeinschaft von Menschen, die Gutes tun.[\/vc_column_text][\/vc_column_inner][\/vc_row_inner][vc_row_inner row_inner_height_percent=&#8220;0&#8243; overlay_alpha=&#8220;50&#8243; equal_height=&#8220;yes&#8220; gutter_size=&#8220;3&#8243; shift_y=&#8220;0&#8243; z_index=&#8220;0&#8243; inverted_device_order=&#8220;yes&#8220; uncode_shortcode_id=&#8220;796568&#8243;][vc_column_inner column_width_percent=&#8220;100&#8243; align_horizontal=&#8220;align_right&#8220; gutter_size=&#8220;3&#8243; overlay_alpha=&#8220;50&#8243; shift_x=&#8220;0&#8243; shift_y=&#8220;0&#8243; shift_y_down=&#8220;0&#8243; z_index=&#8220;0&#8243; align_medium=&#8220;align_left_tablet&#8220; medium_width=&#8220;0&#8243; align_mobile=&#8220;align_left_mobile&#8220; mobile_width=&#8220;0&#8243; width=&#8220;1\/2&#8243; uncode_shortcode_id=&#8220;146640&#8243;][vc_column_text uncode_shortcode_id=&#8220;940201&#8243; css=&#8220;.vc_custom_1770217977276{padding-right: 40px !important;padding-left: 40px !important;}&#8220;]<\/p>\n<h4>Teams for Good &amp; Charity-Auktion<\/h4>\n<p>Die \u201eTeams for Good\u201c sind immer eine Kombination aus bekannten Prominenten von der Insel, aus der Welt der Oldtimer, moderner Autos, aus dem Motorsport oder aus Film und Fernsehen. Sie fahren, um Spenden zu sammeln.<\/p>\n<p>Und wir alle helfen mit, diese Aktion zu unterst\u00fctzen und Spenden zu sammeln! Die ICONS Night im Castell de Bellver bietet neben Feierlichkeiten auch eine kleine Wohlt\u00e4tigkeitsauktion. Freuen Sie sich mit uns und unterst\u00fctzen Sie uns dabei.[\/vc_column_text][\/vc_column_inner][vc_column_inner column_width_percent=&#8220;100&#8243; gutter_size=&#8220;3&#8243; overlay_alpha=&#8220;50&#8243; shift_x=&#8220;0&#8243; shift_y=&#8220;0&#8243; shift_y_down=&#8220;0&#8243; z_index=&#8220;0&#8243; medium_width=&#8220;0&#8243; mobile_width=&#8220;0&#8243; width=&#8220;1\/2&#8243; uncode_shortcode_id=&#8220;681568&#8243; el_class=&#8220;image-card&#8220;][vc_single_image media=&#8220;5423&#8243; media_width_percent=&#8220;100&#8243; media_ratio=&#8220;four-three&#8220; shadow=&#8220;yes&#8220; shadow_weight=&#8220;lg&#8220; css_animation=&#8220;parallax&#8220; parallax_intensity=&#8220;2&#8243; uncode_shortcode_id=&#8220;711835&#8243; el_class=&#8220;image-z900&#8243;][vc_single_image media=&#8220;1839&#8243; media_width_percent=&#8220;100&#8243; media_ratio=&#8220;four-three&#8220; css_animation=&#8220;parallax&#8220; parallax_intensity=&#8220;4&#8243; uncode_shortcode_id=&#8220;144136&#8243; el_class=&#8220;image-stack-bottom400&#8243;][\/vc_column_inner][\/vc_row_inner][vc_empty_space empty_h=&#8220;5&#8243;][\/vc_column][\/vc_row][vc_row][vc_column width=&#8220;1\/1&#8243;][uncode_block id=&#8220;1014&#8243;][\/vc_column][\/vc_row]<\/p>\n<\/div>","protected":false},"excerpt":{"rendered":"<p>[vc_row row_height_percent=&#8220;0&#8243; overlay_alpha=&#8220;50&#8243; gutter_size=&#8220;3&#8243; column_width_percent=&#8220;100&#8243; shift_y=&#8220;0&#8243; z_index=&#8220;0&#8243; uncode_shortcode_id=&#8220;144284&#8243;][vc_column column_width_percent=&#8220;100&#8243; align_horizontal=&#8220;align_center&#8220; gutter_size=&#8220;3&#8243; overlay_alpha=&#8220;50&#8243; shift_x=&#8220;0&#8243; shift_y=&#8220;0&#8243; shift_y_down=&#8220;0&#8243; z_index=&#8220;0&#8243; medium_width=&#8220;0&#8243; mobile_width=&#8220;0&#8243; width=&#8220;1\/1&#8243; uncode_shortcode_id=&#8220;542569&#8243;][vc_empty_space [&hellip;]<\/p>\n","protected":false},"author":1,"featured_media":0,"parent":2045,"menu_order":0,"comment_status":"closed","ping_status":"closed","template":"","meta":{"footnotes":""},"class_list":["post-2014","page","type-page","status-publish","hentry"],"yoast_head":"<!-- This site is optimized with the Yoast SEO plugin v27.1.1 - https:\/\/yoast.com\/product\/yoast-seo-wordpress\/ -->\n<title>Charity - ICONS Mallorca<\/title>\n<meta name=\"robots\" content=\"index, follow, max-snippet:-1, max-image-preview:large, max-video-preview:-1\" \/>\n<link rel=\"canonical\" href=\"https:\/\/www.iconsmallorca.com\/de\/die-woche\/charity\/\" \/>\n<meta property=\"og:locale\" content=\"de_DE\" \/>\n<meta property=\"og:type\" content=\"article\" \/>\n<meta property=\"og:title\" content=\"Charity - ICONS Mallorca\" \/>\n<meta property=\"og:description\" content=\"[vc_row row_height_percent=&#8220;0&#8243; overlay_alpha=&#8220;50&#8243; gutter_size=&#8220;3&#8243; column_width_percent=&#8220;100&#8243; shift_y=&#8220;0&#8243; z_index=&#8220;0&#8243; uncode_shortcode_id=&#8220;144284&#8243;][vc_column column_width_percent=&#8220;100&#8243; align_horizontal=&#8220;align_center&#8220; gutter_size=&#8220;3&#8243; overlay_alpha=&#8220;50&#8243; shift_x=&#8220;0&#8243; shift_y=&#8220;0&#8243; shift_y_down=&#8220;0&#8243; z_index=&#8220;0&#8243; medium_width=&#8220;0&#8243; mobile_width=&#8220;0&#8243; width=&#8220;1\/1&#8243; uncode_shortcode_id=&#8220;542569&#8243;][vc_empty_space [&hellip;]\" \/>\n<meta property=\"og:url\" content=\"https:\/\/www.iconsmallorca.com\/de\/die-woche\/charity\/\" \/>\n<meta property=\"og:site_name\" content=\"ICONS Mallorca\" \/>\n<meta property=\"article:publisher\" content=\"https:\/\/www.facebook.com\/people\/ICONS-Mallorca\/61556210574876\/\" \/>\n<meta property=\"article:modified_time\" content=\"2026-02-04T15:18:34+00:00\" \/>\n<meta property=\"og:image\" content=\"https:\/\/www.iconsmallorca.com\/wp-content\/uploads\/2024\/05\/icons-seo-fallback.jpg\" \/>\n\t<meta property=\"og:image:width\" content=\"1170\" \/>\n\t<meta property=\"og:image:height\" content=\"664\" \/>\n\t<meta property=\"og:image:type\" content=\"image\/jpeg\" \/>\n<meta name=\"twitter:card\" content=\"summary_large_image\" \/>\n<meta name=\"twitter:label1\" content=\"Gesch\u00e4tzte Lesezeit\" \/>\n\t<meta name=\"twitter:data1\" content=\"8\u00a0Minuten\" \/>\n<script type=\"application\/ld+json\" class=\"yoast-schema-graph\">{\"@context\":\"https:\/\/schema.org\",\"@graph\":[{\"@type\":\"WebPage\",\"@id\":\"https:\/\/www.iconsmallorca.com\/de\/die-woche\/charity\/\",\"url\":\"https:\/\/www.iconsmallorca.com\/de\/die-woche\/charity\/\",\"name\":\"Charity - ICONS Mallorca\",\"isPartOf\":{\"@id\":\"https:\/\/www.iconsmallorca.com\/de\/#website\"},\"datePublished\":\"2024-02-01T14:49:34+00:00\",\"dateModified\":\"2026-02-04T15:18:34+00:00\",\"breadcrumb\":{\"@id\":\"https:\/\/www.iconsmallorca.com\/de\/die-woche\/charity\/#breadcrumb\"},\"inLanguage\":\"de\",\"potentialAction\":[{\"@type\":\"ReadAction\",\"target\":[\"https:\/\/www.iconsmallorca.com\/de\/die-woche\/charity\/\"]}]},{\"@type\":\"BreadcrumbList\",\"@id\":\"https:\/\/www.iconsmallorca.com\/de\/die-woche\/charity\/#breadcrumb\",\"itemListElement\":[{\"@type\":\"ListItem\",\"position\":1,\"name\":\"Die Woche\",\"item\":\"https:\/\/www.iconsmallorca.com\/de\/die-woche\/\"},{\"@type\":\"ListItem\",\"position\":2,\"name\":\"Charity\"}]},{\"@type\":\"WebSite\",\"@id\":\"https:\/\/www.iconsmallorca.com\/de\/#website\",\"url\":\"https:\/\/www.iconsmallorca.com\/de\/\",\"name\":\"ICONS Mallorca\",\"description\":\"Mobility Week for Good\",\"publisher\":{\"@id\":\"https:\/\/www.iconsmallorca.com\/de\/#organization\"},\"potentialAction\":[{\"@type\":\"SearchAction\",\"target\":{\"@type\":\"EntryPoint\",\"urlTemplate\":\"https:\/\/www.iconsmallorca.com\/de\/?s={search_term_string}\"},\"query-input\":{\"@type\":\"PropertyValueSpecification\",\"valueRequired\":true,\"valueName\":\"search_term_string\"}}],\"inLanguage\":\"de\"},{\"@type\":\"Organization\",\"@id\":\"https:\/\/www.iconsmallorca.com\/de\/#organization\",\"name\":\"ICONS Mallorca\",\"url\":\"https:\/\/www.iconsmallorca.com\/de\/\",\"logo\":{\"@type\":\"ImageObject\",\"inLanguage\":\"de\",\"@id\":\"https:\/\/www.iconsmallorca.com\/de\/#\/schema\/logo\/image\/\",\"url\":\"https:\/\/www.iconsmallorca.com\/wp-content\/uploads\/2024\/01\/home-logo-lightmode.png\",\"contentUrl\":\"https:\/\/www.iconsmallorca.com\/wp-content\/uploads\/2024\/01\/home-logo-lightmode.png\",\"width\":836,\"height\":599,\"caption\":\"ICONS Mallorca\"},\"image\":{\"@id\":\"https:\/\/www.iconsmallorca.com\/de\/#\/schema\/logo\/image\/\"},\"sameAs\":[\"https:\/\/www.facebook.com\/people\/ICONS-Mallorca\/61556210574876\/\",\"https:\/\/www.instagram.com\/icons.mallorca\/\",\"https:\/\/www.youtube.com\/@iconsmallorca\"]}]}<\/script>\n<!-- \/ Yoast SEO plugin. -->","yoast_head_json":{"title":"Charity - ICONS Mallorca","robots":{"index":"index","follow":"follow","max-snippet":"max-snippet:-1","max-image-preview":"max-image-preview:large","max-video-preview":"max-video-preview:-1"},"canonical":"https:\/\/www.iconsmallorca.com\/de\/die-woche\/charity\/","og_locale":"de_DE","og_type":"article","og_title":"Charity - ICONS Mallorca","og_description":"[vc_row row_height_percent=&#8220;0&#8243; overlay_alpha=&#8220;50&#8243; gutter_size=&#8220;3&#8243; column_width_percent=&#8220;100&#8243; shift_y=&#8220;0&#8243; z_index=&#8220;0&#8243; uncode_shortcode_id=&#8220;144284&#8243;][vc_column column_width_percent=&#8220;100&#8243; align_horizontal=&#8220;align_center&#8220; gutter_size=&#8220;3&#8243; overlay_alpha=&#8220;50&#8243; shift_x=&#8220;0&#8243; shift_y=&#8220;0&#8243; shift_y_down=&#8220;0&#8243; z_index=&#8220;0&#8243; medium_width=&#8220;0&#8243; mobile_width=&#8220;0&#8243; width=&#8220;1\/1&#8243; uncode_shortcode_id=&#8220;542569&#8243;][vc_empty_space [&hellip;]","og_url":"https:\/\/www.iconsmallorca.com\/de\/die-woche\/charity\/","og_site_name":"ICONS Mallorca","article_publisher":"https:\/\/www.facebook.com\/people\/ICONS-Mallorca\/61556210574876\/","article_modified_time":"2026-02-04T15:18:34+00:00","og_image":[{"width":1170,"height":664,"url":"https:\/\/www.iconsmallorca.com\/wp-content\/uploads\/2024\/05\/icons-seo-fallback.jpg","type":"image\/jpeg"}],"twitter_card":"summary_large_image","twitter_misc":{"Gesch\u00e4tzte Lesezeit":"8\u00a0Minuten"},"schema":{"@context":"https:\/\/schema.org","@graph":[{"@type":"WebPage","@id":"https:\/\/www.iconsmallorca.com\/de\/die-woche\/charity\/","url":"https:\/\/www.iconsmallorca.com\/de\/die-woche\/charity\/","name":"Charity - ICONS Mallorca","isPartOf":{"@id":"https:\/\/www.iconsmallorca.com\/de\/#website"},"datePublished":"2024-02-01T14:49:34+00:00","dateModified":"2026-02-04T15:18:34+00:00","breadcrumb":{"@id":"https:\/\/www.iconsmallorca.com\/de\/die-woche\/charity\/#breadcrumb"},"inLanguage":"de","potentialAction":[{"@type":"ReadAction","target":["https:\/\/www.iconsmallorca.com\/de\/die-woche\/charity\/"]}]},{"@type":"BreadcrumbList","@id":"https:\/\/www.iconsmallorca.com\/de\/die-woche\/charity\/#breadcrumb","itemListElement":[{"@type":"ListItem","position":1,"name":"Die Woche","item":"https:\/\/www.iconsmallorca.com\/de\/die-woche\/"},{"@type":"ListItem","position":2,"name":"Charity"}]},{"@type":"WebSite","@id":"https:\/\/www.iconsmallorca.com\/de\/#website","url":"https:\/\/www.iconsmallorca.com\/de\/","name":"ICONS Mallorca","description":"Mobility Week for Good","publisher":{"@id":"https:\/\/www.iconsmallorca.com\/de\/#organization"},"potentialAction":[{"@type":"SearchAction","target":{"@type":"EntryPoint","urlTemplate":"https:\/\/www.iconsmallorca.com\/de\/?s={search_term_string}"},"query-input":{"@type":"PropertyValueSpecification","valueRequired":true,"valueName":"search_term_string"}}],"inLanguage":"de"},{"@type":"Organization","@id":"https:\/\/www.iconsmallorca.com\/de\/#organization","name":"ICONS Mallorca","url":"https:\/\/www.iconsmallorca.com\/de\/","logo":{"@type":"ImageObject","inLanguage":"de","@id":"https:\/\/www.iconsmallorca.com\/de\/#\/schema\/logo\/image\/","url":"https:\/\/www.iconsmallorca.com\/wp-content\/uploads\/2024\/01\/home-logo-lightmode.png","contentUrl":"https:\/\/www.iconsmallorca.com\/wp-content\/uploads\/2024\/01\/home-logo-lightmode.png","width":836,"height":599,"caption":"ICONS Mallorca"},"image":{"@id":"https:\/\/www.iconsmallorca.com\/de\/#\/schema\/logo\/image\/"},"sameAs":["https:\/\/www.facebook.com\/people\/ICONS-Mallorca\/61556210574876\/","https:\/\/www.instagram.com\/icons.mallorca\/","https:\/\/www.youtube.com\/@iconsmallorca"]}]}},"_links":{"self":[{"href":"https:\/\/www.iconsmallorca.com\/de\/wp-json\/wp\/v2\/pages\/2014","targetHints":{"allow":["GET"]}}],"collection":[{"href":"https:\/\/www.iconsmallorca.com\/de\/wp-json\/wp\/v2\/pages"}],"about":[{"href":"https:\/\/www.iconsmallorca.com\/de\/wp-json\/wp\/v2\/types\/page"}],"author":[{"embeddable":true,"href":"https:\/\/www.iconsmallorca.com\/de\/wp-json\/wp\/v2\/users\/1"}],"replies":[{"embeddable":true,"href":"https:\/\/www.iconsmallorca.com\/de\/wp-json\/wp\/v2\/comments?post=2014"}],"version-history":[{"count":37,"href":"https:\/\/www.iconsmallorca.com\/de\/wp-json\/wp\/v2\/pages\/2014\/revisions"}],"predecessor-version":[{"id":7537,"href":"https:\/\/www.iconsmallorca.com\/de\/wp-json\/wp\/v2\/pages\/2014\/revisions\/7537"}],"up":[{"embeddable":true,"href":"https:\/\/www.iconsmallorca.com\/de\/wp-json\/wp\/v2\/pages\/2045"}],"wp:attachment":[{"href":"https:\/\/www.iconsmallorca.com\/de\/wp-json\/wp\/v2\/media?parent=2014"}],"curies":[{"name":"wp","href":"https:\/\/api.w.org\/{rel}","templated":true}]}}